{"version":"1.0","provider_name":"My CMS","provider_url":"https:\/\/indic.cat\/es\/","title":"Plan Estrat\u00e9gico de Parets del Vall\u00e8s 2025 - My CMS","type":"rich","width":600,"height":338,"html":"<blockquote class=\"wp-embedded-content\" data-secret=\"HPcKh7smBR\"><a href=\"https:\/\/indic.cat\/es\/projecte\/plan-estrategico-de-parets-del-valles-2025\/\">Plan Estrat\u00e9gico de Parets del Vall\u00e8s 2025<\/a><\/blockquote><iframe sandbox=\"allow-scripts\" security=\"restricted\" src=\"https:\/\/indic.cat\/es\/projecte\/plan-estrategico-de-parets-del-valles-2025\/embed\/#?secret=HPcKh7smBR\" width=\"600\" height=\"338\" title=\"\u00abPlan Estrat\u00e9gico de Parets del Vall\u00e8s 2025\u00bb \u2014 My CMS\" data-secret=\"HPcKh7smBR\" frameborder=\"0\" marginwidth=\"0\" marginheight=\"0\" scrolling=\"no\" class=\"wp-embedded-content\"><\/iframe><script>\n\/*! This file is auto-generated *\/\n!function(d,l){\"use strict\";l.querySelector&&d.addEventListener&&\"undefined\"!=typeof URL&&(d.wp=d.wp||{},d.wp.receiveEmbedMessage||(d.wp.receiveEmbedMessage=function(e){var t=e.data;if((t||t.secret||t.message||t.value)&&!\/[^a-zA-Z0-9]\/.test(t.secret)){for(var s,r,n,a=l.querySelectorAll('iframe[data-secret=\"'+t.secret+'\"]'),o=l.querySelectorAll('blockquote[data-secret=\"'+t.secret+'\"]'),c=new RegExp(\"^https?:$\",\"i\"),i=0;i<o.length;i++)o[i].style.display=\"none\";for(i=0;i<a.length;i++)s=a[i],e.source===s.contentWindow&&(s.removeAttribute(\"style\"),\"height\"===t.message?(1e3<(r=parseInt(t.value,10))?r=1e3:~~r<200&&(r=200),s.height=r):\"link\"===t.message&&(r=new URL(s.getAttribute(\"src\")),n=new URL(t.value),c.test(n.protocol))&&n.host===r.host&&l.activeElement===s&&(d.top.location.href=t.value))}},d.addEventListener(\"message\",d.wp.receiveEmbedMessage,!1),l.addEventListener(\"DOMContentLoaded\",function(){for(var e,t,s=l.querySelectorAll(\"iframe.wp-embedded-content\"),r=0;r<s.length;r++)(t=(e=s[r]).getAttribute(\"data-secret\"))||(t=Math.random().toString(36).substring(2,12),e.src+=\"#?secret=\"+t,e.setAttribute(\"data-secret\",t)),e.contentWindow.postMessage({message:\"ready\",secret:t},\"*\")},!1)))}(window,document);\n\/\/# sourceURL=https:\/\/indic.cat\/wp-includes\/js\/wp-embed.min.js\n<\/script>\n","thumbnail_url":"https:\/\/indic.cat\/wp-content\/uploads\/2017\/04\/COMISSIO_SEGUIMENT-1-e1503312982304.jpg","thumbnail_width":737,"thumbnail_height":491,"description":"El Ayuntamiento de Parets del Vall\u00e8s en 2011 impuls\u00f3 la elaboraci\u00f3n de un proyecto estrat\u00e9gico de municipio que definiera el modelo de villa para los pr\u00f3ximos 15 a\u00f1os. El objetivo del Plan Estrat\u00e9gico era definir el modelo de futuro deseado y articular un plan de actuaci\u00f3n que permitiera avanzar hacia este modelo deseado. En este [&hellip;]"}