{"id":3080,"date":"2017-09-06T12:36:38","date_gmt":"2017-09-06T10:36:38","guid":{"rendered":"http:\/\/indic.cat\/web\/projecte\/mapa-processos-montcada-reixac\/"},"modified":"2024-07-26T11:08:45","modified_gmt":"2024-07-26T09:08:45","slug":"mapa-processos-montcada-reixac","status":"publish","type":"projecte","link":"https:\/\/indic.cat\/es\/projecte\/mapa-processos-montcada-reixac\/","title":{"rendered":"Gesti\u00f3n por procesos en los Servicios Sociales B\u00e1sicos de Santa Perp\u00e8tua de Mogoda (2023)"},"content":{"rendered":"<p>Con el objetivo de conseguir una mejor equidad en la atenci\u00f3n de los servicios sociales a la ciudadan\u00eda y una mayor eficacia en el funcionamiento de los equipos de servicios sociales, acompa\u00f1amos al equipo de servicios sociales de Santa Perp\u00e8tua de Mogoda en la revisi\u00f3n de los procesos de recepci\u00f3n, acogida, diagn\u00f3stico, intervenci\u00f3n, seguimiento y evaluaci\u00f3n del proceso de atenci\u00f3n a la ciudadan\u00eda para la elaboraci\u00f3n del manual de procesos con sus correspondientes procedimientos t\u00e9cnicos, instrucciones y documentos de soporte.<\/p>\n<p>Las principales tareas desarrolladas han sido:<\/p>\n<ul>\n<li>Dise\u00f1ar y consensuar la metodolog\u00eda de trabajo con los equipos t\u00e9cnicos<\/li>\n<li>Visualizar y contrastar los procesos y procedimientos y clarificar circuitos del proceso de atenci\u00f3n a la ciudadan\u00eda con el equipo.<\/li>\n<li>Promover el intercambio de conocimiento y los acuerdos en relaci\u00f3n con los criterios y procedimientos del proceso de atenci\u00f3n a la ciudadan\u00eda.<\/li>\n<li>Elaboraci\u00f3n del manual de procesos de servicios sociales.<\/li>\n<\/ul>\n","protected":false},"excerpt":{"rendered":"<p>Con el objetivo de conseguir una mejor equidad en la atenci\u00f3n de los servicios sociales a la ciudadan\u00eda y una mayor eficacia en el funcionamiento de los equipos de servicios sociales, acompa\u00f1amos al equipo de servicios sociales de Santa Perp\u00e8tua de Mogoda en la revisi\u00f3n de los procesos de recepci\u00f3n, acogida, diagn\u00f3stico, intervenci\u00f3n, seguimiento y [&hellip;]<\/p>\n","protected":false},"featured_media":952,"menu_order":0,"template":"","meta":{"_acf_changed":false,"footnotes":""},"categoria-servei":[19],"class_list":["post-3080","projecte","type-projecte","status-publish","has-post-thumbnail","hentry","categoria-servei-consultoria-participacion"],"acf":[],"yoast_head":"<!-- This site is optimized with the Yoast SEO plugin v27.4 - https:\/\/yoast.com\/product\/yoast-seo-wordpress\/ -->\n<title>Gesti\u00f3n por procesos en los Servicios Sociales B\u00e1sicos de Santa Perp\u00e8tua de Mogoda (2023) - My CMS<\/title>\n<meta name=\"robots\" content=\"index, follow, max-snippet:-1, max-image-preview:large, max-video-preview:-1\" \/>\n<link rel=\"canonical\" href=\"https:\/\/indic.cat\/es\/projecte\/mapa-processos-montcada-reixac\/\" \/>\n<meta property=\"og:locale\" content=\"es_ES\" \/>\n<meta property=\"og:type\" content=\"article\" \/>\n<meta property=\"og:title\" content=\"Gesti\u00f3n por procesos en los Servicios Sociales B\u00e1sicos de Santa Perp\u00e8tua de Mogoda (2023) - My CMS\" \/>\n<meta property=\"og:description\" content=\"Con el objetivo de conseguir una mejor equidad en la atenci\u00f3n de los servicios sociales a la ciudadan\u00eda y una mayor eficacia en el funcionamiento de los equipos de servicios sociales, acompa\u00f1amos al equipo de servicios sociales de Santa Perp\u00e8tua de Mogoda en la revisi\u00f3n de los procesos de recepci\u00f3n, acogida, diagn\u00f3stico, intervenci\u00f3n, seguimiento y [&hellip;]\" \/>\n<meta property=\"og:url\" content=\"https:\/\/indic.cat\/es\/projecte\/mapa-processos-montcada-reixac\/\" \/>\n<meta property=\"og:site_name\" content=\"My CMS\" \/>\n<meta property=\"article:publisher\" content=\"https:\/\/www.facebook.com\/Indic-Iniciatives-i-Din%c3%a0miques-Comunit%c3%a0ries-362170033806658\/\" \/>\n<meta property=\"article:modified_time\" content=\"2024-07-26T09:08:45+00:00\" \/>\n<meta property=\"og:image\" content=\"https:\/\/indic.cat\/wp-content\/uploads\/2017\/07\/DSC_0663-1024x680.jpg\" \/>\n\t<meta property=\"og:image:width\" content=\"1024\" \/>\n\t<meta property=\"og:image:height\" content=\"680\" \/>\n\t<meta property=\"og:image:type\" content=\"image\/jpeg\" \/>\n<meta name=\"twitter:card\" content=\"summary_large_image\" \/>\n<meta name=\"twitter:site\" content=\"@IndicSL\" \/>\n<meta name=\"twitter:label1\" content=\"Tiempo de lectura\" \/>\n\t<meta name=\"twitter:data1\" content=\"2 minutos\" \/>\n<script type=\"application\/ld+json\" class=\"yoast-schema-graph\">{\"@context\":\"https:\\\/\\\/schema.org\",\"@graph\":[{\"@type\":\"WebPage\",\"@id\":\"https:\\\/\\\/indic.cat\\\/es\\\/projecte\\\/mapa-processos-montcada-reixac\\\/\",\"url\":\"https:\\\/\\\/indic.cat\\\/es\\\/projecte\\\/mapa-processos-montcada-reixac\\\/\",\"name\":\"Gesti\u00f3n por procesos en los Servicios Sociales B\u00e1sicos de Santa Perp\u00e8tua de Mogoda (2023) - My CMS\",\"isPartOf\":{\"@id\":\"https:\\\/\\\/indic.cat\\\/#website\"},\"primaryImageOfPage\":{\"@id\":\"https:\\\/\\\/indic.cat\\\/es\\\/projecte\\\/mapa-processos-montcada-reixac\\\/#primaryimage\"},\"image\":{\"@id\":\"https:\\\/\\\/indic.cat\\\/es\\\/projecte\\\/mapa-processos-montcada-reixac\\\/#primaryimage\"},\"thumbnailUrl\":\"https:\\\/\\\/indic.cat\\\/wp-content\\\/uploads\\\/2017\\\/07\\\/DSC_0663.jpg\",\"datePublished\":\"2017-09-06T10:36:38+00:00\",\"dateModified\":\"2024-07-26T09:08:45+00:00\",\"breadcrumb\":{\"@id\":\"https:\\\/\\\/indic.cat\\\/es\\\/projecte\\\/mapa-processos-montcada-reixac\\\/#breadcrumb\"},\"inLanguage\":\"es\",\"potentialAction\":[{\"@type\":\"ReadAction\",\"target\":[\"https:\\\/\\\/indic.cat\\\/es\\\/projecte\\\/mapa-processos-montcada-reixac\\\/\"]}]},{\"@type\":\"ImageObject\",\"inLanguage\":\"es\",\"@id\":\"https:\\\/\\\/indic.cat\\\/es\\\/projecte\\\/mapa-processos-montcada-reixac\\\/#primaryimage\",\"url\":\"https:\\\/\\\/indic.cat\\\/wp-content\\\/uploads\\\/2017\\\/07\\\/DSC_0663.jpg\",\"contentUrl\":\"https:\\\/\\\/indic.cat\\\/wp-content\\\/uploads\\\/2017\\\/07\\\/DSC_0663.jpg\",\"width\":737,\"height\":490},{\"@type\":\"BreadcrumbList\",\"@id\":\"https:\\\/\\\/indic.cat\\\/es\\\/projecte\\\/mapa-processos-montcada-reixac\\\/#breadcrumb\",\"itemListElement\":[{\"@type\":\"ListItem\",\"position\":1,\"name\":\"Inici\",\"item\":\"https:\\\/\\\/indic.cat\\\/es\\\/iniciativas-y-dinamicas-comunitarias\\\/\"},{\"@type\":\"ListItem\",\"position\":2,\"name\":\"Projectes\",\"item\":\"https:\\\/\\\/indic.cat\\\/projecte\\\/\"},{\"@type\":\"ListItem\",\"position\":3,\"name\":\"Gesti\u00f3n por procesos en los Servicios Sociales B\u00e1sicos de Santa Perp\u00e8tua de Mogoda (2023)\"}]},{\"@type\":\"WebSite\",\"@id\":\"https:\\\/\\\/indic.cat\\\/#website\",\"url\":\"https:\\\/\\\/indic.cat\\\/\",\"name\":\"My CMS\",\"description\":\"Iniciatives i din\u00e0miques comunit\u00e0ries\",\"potentialAction\":[{\"@type\":\"SearchAction\",\"target\":{\"@type\":\"EntryPoint\",\"urlTemplate\":\"https:\\\/\\\/indic.cat\\\/?s={search_term_string}\"},\"query-input\":{\"@type\":\"PropertyValueSpecification\",\"valueRequired\":true,\"valueName\":\"search_term_string\"}}],\"inLanguage\":\"es\"}]}<\/script>\n<!-- \/ Yoast SEO plugin. -->","yoast_head_json":{"title":"Gesti\u00f3n por procesos en los Servicios Sociales B\u00e1sicos de Santa Perp\u00e8tua de Mogoda (2023) - My CMS","robots":{"index":"index","follow":"follow","max-snippet":"max-snippet:-1","max-image-preview":"max-image-preview:large","max-video-preview":"max-video-preview:-1"},"canonical":"https:\/\/indic.cat\/es\/projecte\/mapa-processos-montcada-reixac\/","og_locale":"es_ES","og_type":"article","og_title":"Gesti\u00f3n por procesos en los Servicios Sociales B\u00e1sicos de Santa Perp\u00e8tua de Mogoda (2023) - My CMS","og_description":"Con el objetivo de conseguir una mejor equidad en la atenci\u00f3n de los servicios sociales a la ciudadan\u00eda y una mayor eficacia en el funcionamiento de los equipos de servicios sociales, acompa\u00f1amos al equipo de servicios sociales de Santa Perp\u00e8tua de Mogoda en la revisi\u00f3n de los procesos de recepci\u00f3n, acogida, diagn\u00f3stico, intervenci\u00f3n, seguimiento y [&hellip;]","og_url":"https:\/\/indic.cat\/es\/projecte\/mapa-processos-montcada-reixac\/","og_site_name":"My CMS","article_publisher":"https:\/\/www.facebook.com\/Indic-Iniciatives-i-Din%c3%a0miques-Comunit%c3%a0ries-362170033806658\/","article_modified_time":"2024-07-26T09:08:45+00:00","og_image":[{"width":1024,"height":680,"url":"https:\/\/indic.cat\/wp-content\/uploads\/2017\/07\/DSC_0663-1024x680.jpg","type":"image\/jpeg"}],"twitter_card":"summary_large_image","twitter_site":"@IndicSL","twitter_misc":{"Tiempo de lectura":"2 minutos"},"schema":{"@context":"https:\/\/schema.org","@graph":[{"@type":"WebPage","@id":"https:\/\/indic.cat\/es\/projecte\/mapa-processos-montcada-reixac\/","url":"https:\/\/indic.cat\/es\/projecte\/mapa-processos-montcada-reixac\/","name":"Gesti\u00f3n por procesos en los Servicios Sociales B\u00e1sicos de Santa Perp\u00e8tua de Mogoda (2023) - My CMS","isPartOf":{"@id":"https:\/\/indic.cat\/#website"},"primaryImageOfPage":{"@id":"https:\/\/indic.cat\/es\/projecte\/mapa-processos-montcada-reixac\/#primaryimage"},"image":{"@id":"https:\/\/indic.cat\/es\/projecte\/mapa-processos-montcada-reixac\/#primaryimage"},"thumbnailUrl":"https:\/\/indic.cat\/wp-content\/uploads\/2017\/07\/DSC_0663.jpg","datePublished":"2017-09-06T10:36:38+00:00","dateModified":"2024-07-26T09:08:45+00:00","breadcrumb":{"@id":"https:\/\/indic.cat\/es\/projecte\/mapa-processos-montcada-reixac\/#breadcrumb"},"inLanguage":"es","potentialAction":[{"@type":"ReadAction","target":["https:\/\/indic.cat\/es\/projecte\/mapa-processos-montcada-reixac\/"]}]},{"@type":"ImageObject","inLanguage":"es","@id":"https:\/\/indic.cat\/es\/projecte\/mapa-processos-montcada-reixac\/#primaryimage","url":"https:\/\/indic.cat\/wp-content\/uploads\/2017\/07\/DSC_0663.jpg","contentUrl":"https:\/\/indic.cat\/wp-content\/uploads\/2017\/07\/DSC_0663.jpg","width":737,"height":490},{"@type":"BreadcrumbList","@id":"https:\/\/indic.cat\/es\/projecte\/mapa-processos-montcada-reixac\/#breadcrumb","itemListElement":[{"@type":"ListItem","position":1,"name":"Inici","item":"https:\/\/indic.cat\/es\/iniciativas-y-dinamicas-comunitarias\/"},{"@type":"ListItem","position":2,"name":"Projectes","item":"https:\/\/indic.cat\/projecte\/"},{"@type":"ListItem","position":3,"name":"Gesti\u00f3n por procesos en los Servicios Sociales B\u00e1sicos de Santa Perp\u00e8tua de Mogoda (2023)"}]},{"@type":"WebSite","@id":"https:\/\/indic.cat\/#website","url":"https:\/\/indic.cat\/","name":"My CMS","description":"Iniciatives i din\u00e0miques comunit\u00e0ries","potentialAction":[{"@type":"SearchAction","target":{"@type":"EntryPoint","urlTemplate":"https:\/\/indic.cat\/?s={search_term_string}"},"query-input":{"@type":"PropertyValueSpecification","valueRequired":true,"valueName":"search_term_string"}}],"inLanguage":"es"}]}},"_links":{"self":[{"href":"https:\/\/indic.cat\/es\/wp-json\/wp\/v2\/projecte\/3080","targetHints":{"allow":["GET"]}}],"collection":[{"href":"https:\/\/indic.cat\/es\/wp-json\/wp\/v2\/projecte"}],"about":[{"href":"https:\/\/indic.cat\/es\/wp-json\/wp\/v2\/types\/projecte"}],"version-history":[{"count":4,"href":"https:\/\/indic.cat\/es\/wp-json\/wp\/v2\/projecte\/3080\/revisions"}],"predecessor-version":[{"id":6097,"href":"https:\/\/indic.cat\/es\/wp-json\/wp\/v2\/projecte\/3080\/revisions\/6097"}],"wp:featuredmedia":[{"embeddable":true,"href":"https:\/\/indic.cat\/es\/wp-json\/wp\/v2\/media\/952"}],"wp:attachment":[{"href":"https:\/\/indic.cat\/es\/wp-json\/wp\/v2\/media?parent=3080"}],"wp:term":[{"taxonomy":"categoria-servei","embeddable":true,"href":"https:\/\/indic.cat\/es\/wp-json\/wp\/v2\/categoria-servei?post=3080"}],"curies":[{"name":"wp","href":"https:\/\/api.w.org\/{rel}","templated":true}]}}