{"id":4265,"date":"2023-09-22T13:11:39","date_gmt":"2023-09-22T11:11:39","guid":{"rendered":"https:\/\/indic.cat\/?post_type=projecte&#038;p=4265"},"modified":"2024-07-29T09:14:34","modified_gmt":"2024-07-29T07:14:34","slug":"asesoramiento-y-apoyo-metodologico-para-la-accion-comunitaria-a-equipaciones-en-el-marco-del-proyecto-equicom-saco-y-icub-ayuntamiento-de-barcelona-2022-2023","status":"publish","type":"projecte","link":"https:\/\/indic.cat\/es\/projecte\/asesoramiento-y-apoyo-metodologico-para-la-accion-comunitaria-a-equipaciones-en-el-marco-del-proyecto-equicom-saco-y-icub-ayuntamiento-de-barcelona-2022-2023\/","title":{"rendered":"Asesoramiento y apoyo metodol\u00f3gico para la acci\u00f3n comunitaria a equipaciones en el marco del proyecto EQUICOM. SACO y ICUB Ayuntamiento de Barcelona (2022\/2023)"},"content":{"rendered":"<p>El proyecto EQUICOM es un espacio impulsado desde el Servicio de acci\u00f3n Comunitaria (SACO) y el Instituto de Cultura de Barcelona (ICUB) del Ayuntamiento de Barcelona para dise\u00f1ar y ensayar nuevas formas de trabajar de manera comunitaria desde las equipaciones de proximidad (centros c\u00edvicos, museos, casales de barrio, centro de personas grandes, bibliotecas, etc.), poniendo especial atenci\u00f3n a la metodolog\u00eda al mismo tiempo que generar y compartir conocimiento sobre como impulsar la acci\u00f3n comunitaria desde las equipaciones p\u00fablicas de la ciudad de Barcelona.<\/p>\n<p>INDIC durante el cursos 2021\/2022 y 2022\/23, en el marco del proyecto EQUICOM impulsado desde el SACO y ICUB del Ayuntamiento de Barcelona, acompa\u00f1\u00f3 apoyando y asesoramiento individualizado a equipaciones de proximidad para trabajar la incorporaci\u00f3n y consolidaci\u00f3n de la metodolog\u00eda y la mirada de intencionalidad comunitaria en sus proyectos y actividades para potenciarlos o convertirlos en espacios de referencia en sus entornos.<\/p>\n","protected":false},"excerpt":{"rendered":"<p>El proyecto EQUICOM es un espacio impulsado desde el Servicio de acci\u00f3n Comunitaria (SACO) y el Instituto de Cultura de Barcelona (ICUB) del Ayuntamiento de Barcelona para dise\u00f1ar y ensayar nuevas formas de trabajar de manera comunitaria desde las equipaciones de proximidad (centros c\u00edvicos, museos, casales de barrio, centro de personas grandes, bibliotecas, etc.), poniendo [&hellip;]<\/p>\n","protected":false},"featured_media":4089,"menu_order":0,"template":"","meta":{"_acf_changed":false,"footnotes":""},"categoria-servei":[],"class_list":["post-4265","projecte","type-projecte","status-publish","has-post-thumbnail","hentry"],"acf":[],"yoast_head":"<!-- This site is optimized with the Yoast SEO plugin v27.5 - https:\/\/yoast.com\/product\/yoast-seo-wordpress\/ -->\n<title>Asesoramiento y apoyo metodol\u00f3gico para la acci\u00f3n comunitaria a equipaciones en el marco del proyecto EQUICOM. SACO y ICUB Ayuntamiento de Barcelona (2022\/2023) - My CMS<\/title>\n<meta name=\"robots\" content=\"index, follow, max-snippet:-1, max-image-preview:large, max-video-preview:-1\" \/>\n<link rel=\"canonical\" href=\"https:\/\/indic.cat\/es\/projecte\/asesoramiento-y-apoyo-metodologico-para-la-accion-comunitaria-a-equipaciones-en-el-marco-del-proyecto-equicom-saco-y-icub-ayuntamiento-de-barcelona-2022-2023\/\" \/>\n<meta property=\"og:locale\" content=\"es_ES\" \/>\n<meta property=\"og:type\" content=\"article\" \/>\n<meta property=\"og:title\" content=\"Asesoramiento y apoyo metodol\u00f3gico para la acci\u00f3n comunitaria a equipaciones en el marco del proyecto EQUICOM. SACO y ICUB Ayuntamiento de Barcelona (2022\/2023) - My CMS\" \/>\n<meta property=\"og:description\" content=\"El proyecto EQUICOM es un espacio impulsado desde el Servicio de acci\u00f3n Comunitaria (SACO) y el Instituto de Cultura de Barcelona (ICUB) del Ayuntamiento de Barcelona para dise\u00f1ar y ensayar nuevas formas de trabajar de manera comunitaria desde las equipaciones de proximidad (centros c\u00edvicos, museos, casales de barrio, centro de personas grandes, bibliotecas, etc.), poniendo [&hellip;]\" \/>\n<meta property=\"og:url\" content=\"https:\/\/indic.cat\/es\/projecte\/asesoramiento-y-apoyo-metodologico-para-la-accion-comunitaria-a-equipaciones-en-el-marco-del-proyecto-equicom-saco-y-icub-ayuntamiento-de-barcelona-2022-2023\/\" \/>\n<meta property=\"og:site_name\" content=\"My CMS\" \/>\n<meta property=\"article:publisher\" content=\"https:\/\/www.facebook.com\/Indic-Iniciatives-i-Din%c3%a0miques-Comunit%c3%a0ries-362170033806658\/\" \/>\n<meta property=\"article:modified_time\" content=\"2024-07-29T07:14:34+00:00\" \/>\n<meta property=\"og:image\" content=\"https:\/\/indic.cat\/wp-content\/uploads\/2023\/09\/equicom-2.jpg\" \/>\n\t<meta property=\"og:image:width\" content=\"1502\" \/>\n\t<meta property=\"og:image:height\" content=\"940\" \/>\n\t<meta property=\"og:image:type\" content=\"image\/jpeg\" \/>\n<meta name=\"twitter:card\" content=\"summary_large_image\" \/>\n<meta name=\"twitter:site\" content=\"@IndicSL\" \/>\n<meta name=\"twitter:label1\" content=\"Tiempo de lectura\" \/>\n\t<meta name=\"twitter:data1\" content=\"1 minuto\" \/>\n<script type=\"application\/ld+json\" class=\"yoast-schema-graph\">{\"@context\":\"https:\\\/\\\/schema.org\",\"@graph\":[{\"@type\":\"WebPage\",\"@id\":\"https:\\\/\\\/indic.cat\\\/es\\\/projecte\\\/asesoramiento-y-apoyo-metodologico-para-la-accion-comunitaria-a-equipaciones-en-el-marco-del-proyecto-equicom-saco-y-icub-ayuntamiento-de-barcelona-2022-2023\\\/\",\"url\":\"https:\\\/\\\/indic.cat\\\/es\\\/projecte\\\/asesoramiento-y-apoyo-metodologico-para-la-accion-comunitaria-a-equipaciones-en-el-marco-del-proyecto-equicom-saco-y-icub-ayuntamiento-de-barcelona-2022-2023\\\/\",\"name\":\"Asesoramiento y apoyo metodol\u00f3gico para la acci\u00f3n comunitaria a equipaciones en el marco del proyecto EQUICOM. SACO y ICUB Ayuntamiento de Barcelona (2022\\\/2023) - My CMS\",\"isPartOf\":{\"@id\":\"https:\\\/\\\/indic.cat\\\/#website\"},\"primaryImageOfPage\":{\"@id\":\"https:\\\/\\\/indic.cat\\\/es\\\/projecte\\\/asesoramiento-y-apoyo-metodologico-para-la-accion-comunitaria-a-equipaciones-en-el-marco-del-proyecto-equicom-saco-y-icub-ayuntamiento-de-barcelona-2022-2023\\\/#primaryimage\"},\"image\":{\"@id\":\"https:\\\/\\\/indic.cat\\\/es\\\/projecte\\\/asesoramiento-y-apoyo-metodologico-para-la-accion-comunitaria-a-equipaciones-en-el-marco-del-proyecto-equicom-saco-y-icub-ayuntamiento-de-barcelona-2022-2023\\\/#primaryimage\"},\"thumbnailUrl\":\"https:\\\/\\\/indic.cat\\\/wp-content\\\/uploads\\\/2023\\\/09\\\/equicom-2.jpg\",\"datePublished\":\"2023-09-22T11:11:39+00:00\",\"dateModified\":\"2024-07-29T07:14:34+00:00\",\"breadcrumb\":{\"@id\":\"https:\\\/\\\/indic.cat\\\/es\\\/projecte\\\/asesoramiento-y-apoyo-metodologico-para-la-accion-comunitaria-a-equipaciones-en-el-marco-del-proyecto-equicom-saco-y-icub-ayuntamiento-de-barcelona-2022-2023\\\/#breadcrumb\"},\"inLanguage\":\"es\",\"potentialAction\":[{\"@type\":\"ReadAction\",\"target\":[\"https:\\\/\\\/indic.cat\\\/es\\\/projecte\\\/asesoramiento-y-apoyo-metodologico-para-la-accion-comunitaria-a-equipaciones-en-el-marco-del-proyecto-equicom-saco-y-icub-ayuntamiento-de-barcelona-2022-2023\\\/\"]}]},{\"@type\":\"ImageObject\",\"inLanguage\":\"es\",\"@id\":\"https:\\\/\\\/indic.cat\\\/es\\\/projecte\\\/asesoramiento-y-apoyo-metodologico-para-la-accion-comunitaria-a-equipaciones-en-el-marco-del-proyecto-equicom-saco-y-icub-ayuntamiento-de-barcelona-2022-2023\\\/#primaryimage\",\"url\":\"https:\\\/\\\/indic.cat\\\/wp-content\\\/uploads\\\/2023\\\/09\\\/equicom-2.jpg\",\"contentUrl\":\"https:\\\/\\\/indic.cat\\\/wp-content\\\/uploads\\\/2023\\\/09\\\/equicom-2.jpg\",\"width\":1502,\"height\":940,\"caption\":\"equicom 2\"},{\"@type\":\"BreadcrumbList\",\"@id\":\"https:\\\/\\\/indic.cat\\\/es\\\/projecte\\\/asesoramiento-y-apoyo-metodologico-para-la-accion-comunitaria-a-equipaciones-en-el-marco-del-proyecto-equicom-saco-y-icub-ayuntamiento-de-barcelona-2022-2023\\\/#breadcrumb\",\"itemListElement\":[{\"@type\":\"ListItem\",\"position\":1,\"name\":\"Inici\",\"item\":\"https:\\\/\\\/indic.cat\\\/es\\\/iniciativas-y-dinamicas-comunitarias\\\/\"},{\"@type\":\"ListItem\",\"position\":2,\"name\":\"Projectes\",\"item\":\"https:\\\/\\\/indic.cat\\\/projecte\\\/\"},{\"@type\":\"ListItem\",\"position\":3,\"name\":\"Asesoramiento y apoyo metodol\u00f3gico para la acci\u00f3n comunitaria a equipaciones en el marco del proyecto EQUICOM. SACO y ICUB Ayuntamiento de Barcelona (2022\\\/2023)\"}]},{\"@type\":\"WebSite\",\"@id\":\"https:\\\/\\\/indic.cat\\\/#website\",\"url\":\"https:\\\/\\\/indic.cat\\\/\",\"name\":\"My CMS\",\"description\":\"Iniciatives i din\u00e0miques comunit\u00e0ries\",\"potentialAction\":[{\"@type\":\"SearchAction\",\"target\":{\"@type\":\"EntryPoint\",\"urlTemplate\":\"https:\\\/\\\/indic.cat\\\/?s={search_term_string}\"},\"query-input\":{\"@type\":\"PropertyValueSpecification\",\"valueRequired\":true,\"valueName\":\"search_term_string\"}}],\"inLanguage\":\"es\"}]}<\/script>\n<!-- \/ Yoast SEO plugin. -->","yoast_head_json":{"title":"Asesoramiento y apoyo metodol\u00f3gico para la acci\u00f3n comunitaria a equipaciones en el marco del proyecto EQUICOM. SACO y ICUB Ayuntamiento de Barcelona (2022\/2023) - My CMS","robots":{"index":"index","follow":"follow","max-snippet":"max-snippet:-1","max-image-preview":"max-image-preview:large","max-video-preview":"max-video-preview:-1"},"canonical":"https:\/\/indic.cat\/es\/projecte\/asesoramiento-y-apoyo-metodologico-para-la-accion-comunitaria-a-equipaciones-en-el-marco-del-proyecto-equicom-saco-y-icub-ayuntamiento-de-barcelona-2022-2023\/","og_locale":"es_ES","og_type":"article","og_title":"Asesoramiento y apoyo metodol\u00f3gico para la acci\u00f3n comunitaria a equipaciones en el marco del proyecto EQUICOM. SACO y ICUB Ayuntamiento de Barcelona (2022\/2023) - My CMS","og_description":"El proyecto EQUICOM es un espacio impulsado desde el Servicio de acci\u00f3n Comunitaria (SACO) y el Instituto de Cultura de Barcelona (ICUB) del Ayuntamiento de Barcelona para dise\u00f1ar y ensayar nuevas formas de trabajar de manera comunitaria desde las equipaciones de proximidad (centros c\u00edvicos, museos, casales de barrio, centro de personas grandes, bibliotecas, etc.), poniendo [&hellip;]","og_url":"https:\/\/indic.cat\/es\/projecte\/asesoramiento-y-apoyo-metodologico-para-la-accion-comunitaria-a-equipaciones-en-el-marco-del-proyecto-equicom-saco-y-icub-ayuntamiento-de-barcelona-2022-2023\/","og_site_name":"My CMS","article_publisher":"https:\/\/www.facebook.com\/Indic-Iniciatives-i-Din%c3%a0miques-Comunit%c3%a0ries-362170033806658\/","article_modified_time":"2024-07-29T07:14:34+00:00","og_image":[{"width":1502,"height":940,"url":"https:\/\/indic.cat\/wp-content\/uploads\/2023\/09\/equicom-2.jpg","type":"image\/jpeg"}],"twitter_card":"summary_large_image","twitter_site":"@IndicSL","twitter_misc":{"Tiempo de lectura":"1 minuto"},"schema":{"@context":"https:\/\/schema.org","@graph":[{"@type":"WebPage","@id":"https:\/\/indic.cat\/es\/projecte\/asesoramiento-y-apoyo-metodologico-para-la-accion-comunitaria-a-equipaciones-en-el-marco-del-proyecto-equicom-saco-y-icub-ayuntamiento-de-barcelona-2022-2023\/","url":"https:\/\/indic.cat\/es\/projecte\/asesoramiento-y-apoyo-metodologico-para-la-accion-comunitaria-a-equipaciones-en-el-marco-del-proyecto-equicom-saco-y-icub-ayuntamiento-de-barcelona-2022-2023\/","name":"Asesoramiento y apoyo metodol\u00f3gico para la acci\u00f3n comunitaria a equipaciones en el marco del proyecto EQUICOM. SACO y ICUB Ayuntamiento de Barcelona (2022\/2023) - My CMS","isPartOf":{"@id":"https:\/\/indic.cat\/#website"},"primaryImageOfPage":{"@id":"https:\/\/indic.cat\/es\/projecte\/asesoramiento-y-apoyo-metodologico-para-la-accion-comunitaria-a-equipaciones-en-el-marco-del-proyecto-equicom-saco-y-icub-ayuntamiento-de-barcelona-2022-2023\/#primaryimage"},"image":{"@id":"https:\/\/indic.cat\/es\/projecte\/asesoramiento-y-apoyo-metodologico-para-la-accion-comunitaria-a-equipaciones-en-el-marco-del-proyecto-equicom-saco-y-icub-ayuntamiento-de-barcelona-2022-2023\/#primaryimage"},"thumbnailUrl":"https:\/\/indic.cat\/wp-content\/uploads\/2023\/09\/equicom-2.jpg","datePublished":"2023-09-22T11:11:39+00:00","dateModified":"2024-07-29T07:14:34+00:00","breadcrumb":{"@id":"https:\/\/indic.cat\/es\/projecte\/asesoramiento-y-apoyo-metodologico-para-la-accion-comunitaria-a-equipaciones-en-el-marco-del-proyecto-equicom-saco-y-icub-ayuntamiento-de-barcelona-2022-2023\/#breadcrumb"},"inLanguage":"es","potentialAction":[{"@type":"ReadAction","target":["https:\/\/indic.cat\/es\/projecte\/asesoramiento-y-apoyo-metodologico-para-la-accion-comunitaria-a-equipaciones-en-el-marco-del-proyecto-equicom-saco-y-icub-ayuntamiento-de-barcelona-2022-2023\/"]}]},{"@type":"ImageObject","inLanguage":"es","@id":"https:\/\/indic.cat\/es\/projecte\/asesoramiento-y-apoyo-metodologico-para-la-accion-comunitaria-a-equipaciones-en-el-marco-del-proyecto-equicom-saco-y-icub-ayuntamiento-de-barcelona-2022-2023\/#primaryimage","url":"https:\/\/indic.cat\/wp-content\/uploads\/2023\/09\/equicom-2.jpg","contentUrl":"https:\/\/indic.cat\/wp-content\/uploads\/2023\/09\/equicom-2.jpg","width":1502,"height":940,"caption":"equicom 2"},{"@type":"BreadcrumbList","@id":"https:\/\/indic.cat\/es\/projecte\/asesoramiento-y-apoyo-metodologico-para-la-accion-comunitaria-a-equipaciones-en-el-marco-del-proyecto-equicom-saco-y-icub-ayuntamiento-de-barcelona-2022-2023\/#breadcrumb","itemListElement":[{"@type":"ListItem","position":1,"name":"Inici","item":"https:\/\/indic.cat\/es\/iniciativas-y-dinamicas-comunitarias\/"},{"@type":"ListItem","position":2,"name":"Projectes","item":"https:\/\/indic.cat\/projecte\/"},{"@type":"ListItem","position":3,"name":"Asesoramiento y apoyo metodol\u00f3gico para la acci\u00f3n comunitaria a equipaciones en el marco del proyecto EQUICOM. SACO y ICUB Ayuntamiento de Barcelona (2022\/2023)"}]},{"@type":"WebSite","@id":"https:\/\/indic.cat\/#website","url":"https:\/\/indic.cat\/","name":"My CMS","description":"Iniciatives i din\u00e0miques comunit\u00e0ries","potentialAction":[{"@type":"SearchAction","target":{"@type":"EntryPoint","urlTemplate":"https:\/\/indic.cat\/?s={search_term_string}"},"query-input":{"@type":"PropertyValueSpecification","valueRequired":true,"valueName":"search_term_string"}}],"inLanguage":"es"}]}},"_links":{"self":[{"href":"https:\/\/indic.cat\/es\/wp-json\/wp\/v2\/projecte\/4265","targetHints":{"allow":["GET"]}}],"collection":[{"href":"https:\/\/indic.cat\/es\/wp-json\/wp\/v2\/projecte"}],"about":[{"href":"https:\/\/indic.cat\/es\/wp-json\/wp\/v2\/types\/projecte"}],"version-history":[{"count":3,"href":"https:\/\/indic.cat\/es\/wp-json\/wp\/v2\/projecte\/4265\/revisions"}],"predecessor-version":[{"id":6131,"href":"https:\/\/indic.cat\/es\/wp-json\/wp\/v2\/projecte\/4265\/revisions\/6131"}],"wp:featuredmedia":[{"embeddable":true,"href":"https:\/\/indic.cat\/es\/wp-json\/wp\/v2\/media\/4089"}],"wp:attachment":[{"href":"https:\/\/indic.cat\/es\/wp-json\/wp\/v2\/media?parent=4265"}],"wp:term":[{"taxonomy":"categoria-servei","embeddable":true,"href":"https:\/\/indic.cat\/es\/wp-json\/wp\/v2\/categoria-servei?post=4265"}],"curies":[{"name":"wp","href":"https:\/\/api.w.org\/{rel}","templated":true}]}}