{"id":4314,"date":"2023-09-14T13:51:30","date_gmt":"2023-09-14T11:51:30","guid":{"rendered":"https:\/\/indic.cat\/?post_type=projecte&#038;p=4314"},"modified":"2024-07-29T09:45:15","modified_gmt":"2024-07-29T07:45:15","slug":"diagnosis-y-diseno-de-un-plan-de-accion-del-programa-san-adria-ciudad-amiga-de-las-personas-grandes-2022","status":"publish","type":"projecte","link":"https:\/\/indic.cat\/es\/projecte\/diagnosis-y-diseno-de-un-plan-de-accion-del-programa-san-adria-ciudad-amiga-de-las-personas-grandes-2022\/","title":{"rendered":"Diagnosis y dise\u00f1o de un plan de acci\u00f3n del Programa \u201cSan Adri\u00e0, ciudad amiga de las personas grandes\u201d (2022)"},"content":{"rendered":"<p>INDIC acompa\u00f1\u00f3 el \u00c1rea de Igualdad y Sostenibilidad Social de la Diputaci\u00f3n de Barcelona en el apoyo al Ayuntamiento de Sant Adri\u00e0 de Bes\u00f2s para la participaci\u00f3n en el programa \u201cCiudades amigas de las personas grandes\u201d, un proyecto promovido por la Organizaci\u00f3n Mundial de la Salud (OMS) para impulsar pol\u00edticas de envejecimiento activo que promuevan la inclusi\u00f3n y la participaci\u00f3n de las personas grandes en todos los \u00e1mbitos de la vida comunitaria.<\/p>\n<p>El objetivo de este proyecto era conocer las necesidades reales de las personas grandes y definir un plan de acci\u00f3n que contribuya a que las personas grandes de la ciudad puedan tener una buena calidad de vida, vivir seguras, muy atendidas y participando plenamente en la sociedad.<\/p>\n<p>La metodolog\u00eda de trabajo utilizada abord\u00f3 la realidad de las personas grandes desde una perspectiva cuantitativa, cualitativa y participativa que implic\u00f3 de manera directa a los diferentes agentes que intervienen. Se defini\u00f3 un plan de trabajo por, en un primer momento, analizar aquello que se hab\u00eda hecho, aquello que se estaba haciendo y la situaci\u00f3n y las necesidades actuales, junto con los recursos y servicios existentes por, posteriormente, definir las l\u00edneas de trabajo que hab\u00eda que priorizar en el futuro para mejorar el bienestar y la calidad de vida de las personas grandes.<\/p>\n<p>Las tareas principales que se desarrollaron en Sant Adri\u00e0 de Bes\u00f2s fueron:<\/p>\n<p>Analizar la situaci\u00f3n de las personas grandes a trav\u00e9s de una mirada integral, teniendo en cuenta tanto las aproximaciones sociodemogr\u00e1ficas como las percepciones e interpretaciones de los agentes involucrados.<br \/>\nRecoger las visiones y las propuestas en relaci\u00f3n a la situaci\u00f3n de las personas grandes expresadas tanto por los agentes sociales y profesionales del municipio, como por los representantes pol\u00edticos municipales y, muy especialmente, por las personas grandes de los diferentes distritos de la ciudad.<br \/>\nDetecci\u00f3n de las necesidades existentes, las demandas y las oportunidades existentes en relaci\u00f3n a la situaci\u00f3n actual y futura de las personas grandes del municipio en los diferentes \u00e1mbitos que los afectan en su vida cotidiana.<br \/>\nDefinici\u00f3n de un marco estrat\u00e9gico que, a partir de las conclusiones de la diagnosis que han permitido conocer las principales situaciones de necesidad, las demandas y las oportunidades existentes, identificaba las l\u00edneas estrat\u00e9gicas de intervenci\u00f3n y detallaba los objetivos y acciones clave a desarrollar.<\/p>\n","protected":false},"excerpt":{"rendered":"<p>INDIC acompa\u00f1\u00f3 el \u00c1rea de Igualdad y Sostenibilidad Social de la Diputaci\u00f3n de Barcelona en el apoyo al Ayuntamiento de Sant Adri\u00e0 de Bes\u00f2s para la participaci\u00f3n en el programa \u201cCiudades amigas de las personas grandes\u201d, un proyecto promovido por la Organizaci\u00f3n Mundial de la Salud (OMS) para impulsar pol\u00edticas de envejecimiento activo que promuevan [&hellip;]<\/p>\n","protected":false},"featured_media":3966,"menu_order":0,"template":"","meta":{"_acf_changed":false,"footnotes":""},"categoria-servei":[],"class_list":["post-4314","projecte","type-projecte","status-publish","has-post-thumbnail","hentry"],"acf":[],"yoast_head":"<!-- This site is optimized with the Yoast SEO plugin v27.4 - https:\/\/yoast.com\/product\/yoast-seo-wordpress\/ -->\n<title>Diagnosis y dise\u00f1o de un plan de acci\u00f3n del Programa \u201cSan Adri\u00e0, ciudad amiga de las personas grandes\u201d (2022) - My CMS<\/title>\n<meta name=\"robots\" content=\"index, follow, max-snippet:-1, max-image-preview:large, max-video-preview:-1\" \/>\n<link rel=\"canonical\" href=\"https:\/\/indic.cat\/es\/projecte\/diagnosis-y-diseno-de-un-plan-de-accion-del-programa-san-adria-ciudad-amiga-de-las-personas-grandes-2022\/\" \/>\n<meta property=\"og:locale\" content=\"es_ES\" \/>\n<meta property=\"og:type\" content=\"article\" \/>\n<meta property=\"og:title\" content=\"Diagnosis y dise\u00f1o de un plan de acci\u00f3n del Programa \u201cSan Adri\u00e0, ciudad amiga de las personas grandes\u201d (2022) - My CMS\" \/>\n<meta property=\"og:description\" content=\"INDIC acompa\u00f1\u00f3 el \u00c1rea de Igualdad y Sostenibilidad Social de la Diputaci\u00f3n de Barcelona en el apoyo al Ayuntamiento de Sant Adri\u00e0 de Bes\u00f2s para la participaci\u00f3n en el programa \u201cCiudades amigas de las personas grandes\u201d, un proyecto promovido por la Organizaci\u00f3n Mundial de la Salud (OMS) para impulsar pol\u00edticas de envejecimiento activo que promuevan [&hellip;]\" \/>\n<meta property=\"og:url\" content=\"https:\/\/indic.cat\/es\/projecte\/diagnosis-y-diseno-de-un-plan-de-accion-del-programa-san-adria-ciudad-amiga-de-las-personas-grandes-2022\/\" \/>\n<meta property=\"og:site_name\" content=\"My CMS\" \/>\n<meta property=\"article:publisher\" content=\"https:\/\/www.facebook.com\/Indic-Iniciatives-i-Din%c3%a0miques-Comunit%c3%a0ries-362170033806658\/\" \/>\n<meta property=\"article:modified_time\" content=\"2024-07-29T07:45:15+00:00\" \/>\n<meta property=\"og:image\" content=\"https:\/\/indic.cat\/wp-content\/uploads\/2023\/09\/Sant_Adria_ciutat_amiga_gent_gran.jpg\" \/>\n\t<meta property=\"og:image:width\" content=\"1110\" \/>\n\t<meta property=\"og:image:height\" content=\"659\" \/>\n\t<meta property=\"og:image:type\" content=\"image\/jpeg\" \/>\n<meta name=\"twitter:card\" content=\"summary_large_image\" \/>\n<meta name=\"twitter:site\" content=\"@IndicSL\" \/>\n<meta name=\"twitter:label1\" content=\"Tiempo de lectura\" \/>\n\t<meta name=\"twitter:data1\" content=\"3 minutos\" \/>\n<script type=\"application\/ld+json\" class=\"yoast-schema-graph\">{\"@context\":\"https:\\\/\\\/schema.org\",\"@graph\":[{\"@type\":\"WebPage\",\"@id\":\"https:\\\/\\\/indic.cat\\\/es\\\/projecte\\\/diagnosis-y-diseno-de-un-plan-de-accion-del-programa-san-adria-ciudad-amiga-de-las-personas-grandes-2022\\\/\",\"url\":\"https:\\\/\\\/indic.cat\\\/es\\\/projecte\\\/diagnosis-y-diseno-de-un-plan-de-accion-del-programa-san-adria-ciudad-amiga-de-las-personas-grandes-2022\\\/\",\"name\":\"Diagnosis y dise\u00f1o de un plan de acci\u00f3n del Programa \u201cSan Adri\u00e0, ciudad amiga de las personas grandes\u201d (2022) - My CMS\",\"isPartOf\":{\"@id\":\"https:\\\/\\\/indic.cat\\\/#website\"},\"primaryImageOfPage\":{\"@id\":\"https:\\\/\\\/indic.cat\\\/es\\\/projecte\\\/diagnosis-y-diseno-de-un-plan-de-accion-del-programa-san-adria-ciudad-amiga-de-las-personas-grandes-2022\\\/#primaryimage\"},\"image\":{\"@id\":\"https:\\\/\\\/indic.cat\\\/es\\\/projecte\\\/diagnosis-y-diseno-de-un-plan-de-accion-del-programa-san-adria-ciudad-amiga-de-las-personas-grandes-2022\\\/#primaryimage\"},\"thumbnailUrl\":\"https:\\\/\\\/indic.cat\\\/wp-content\\\/uploads\\\/2023\\\/09\\\/Sant_Adria_ciutat_amiga_gent_gran.jpg\",\"datePublished\":\"2023-09-14T11:51:30+00:00\",\"dateModified\":\"2024-07-29T07:45:15+00:00\",\"breadcrumb\":{\"@id\":\"https:\\\/\\\/indic.cat\\\/es\\\/projecte\\\/diagnosis-y-diseno-de-un-plan-de-accion-del-programa-san-adria-ciudad-amiga-de-las-personas-grandes-2022\\\/#breadcrumb\"},\"inLanguage\":\"es\",\"potentialAction\":[{\"@type\":\"ReadAction\",\"target\":[\"https:\\\/\\\/indic.cat\\\/es\\\/projecte\\\/diagnosis-y-diseno-de-un-plan-de-accion-del-programa-san-adria-ciudad-amiga-de-las-personas-grandes-2022\\\/\"]}]},{\"@type\":\"ImageObject\",\"inLanguage\":\"es\",\"@id\":\"https:\\\/\\\/indic.cat\\\/es\\\/projecte\\\/diagnosis-y-diseno-de-un-plan-de-accion-del-programa-san-adria-ciudad-amiga-de-las-personas-grandes-2022\\\/#primaryimage\",\"url\":\"https:\\\/\\\/indic.cat\\\/wp-content\\\/uploads\\\/2023\\\/09\\\/Sant_Adria_ciutat_amiga_gent_gran.jpg\",\"contentUrl\":\"https:\\\/\\\/indic.cat\\\/wp-content\\\/uploads\\\/2023\\\/09\\\/Sant_Adria_ciutat_amiga_gent_gran.jpg\",\"width\":1110,\"height\":659,\"caption\":\"Sant_Adri\u00e0_ciutat_amiga_gent_gran\"},{\"@type\":\"BreadcrumbList\",\"@id\":\"https:\\\/\\\/indic.cat\\\/es\\\/projecte\\\/diagnosis-y-diseno-de-un-plan-de-accion-del-programa-san-adria-ciudad-amiga-de-las-personas-grandes-2022\\\/#breadcrumb\",\"itemListElement\":[{\"@type\":\"ListItem\",\"position\":1,\"name\":\"Inici\",\"item\":\"https:\\\/\\\/indic.cat\\\/es\\\/iniciativas-y-dinamicas-comunitarias\\\/\"},{\"@type\":\"ListItem\",\"position\":2,\"name\":\"Projectes\",\"item\":\"https:\\\/\\\/indic.cat\\\/projecte\\\/\"},{\"@type\":\"ListItem\",\"position\":3,\"name\":\"Diagnosis y dise\u00f1o de un plan de acci\u00f3n del Programa \u201cSan Adri\u00e0, ciudad amiga de las personas grandes\u201d (2022)\"}]},{\"@type\":\"WebSite\",\"@id\":\"https:\\\/\\\/indic.cat\\\/#website\",\"url\":\"https:\\\/\\\/indic.cat\\\/\",\"name\":\"My CMS\",\"description\":\"Iniciatives i din\u00e0miques comunit\u00e0ries\",\"potentialAction\":[{\"@type\":\"SearchAction\",\"target\":{\"@type\":\"EntryPoint\",\"urlTemplate\":\"https:\\\/\\\/indic.cat\\\/?s={search_term_string}\"},\"query-input\":{\"@type\":\"PropertyValueSpecification\",\"valueRequired\":true,\"valueName\":\"search_term_string\"}}],\"inLanguage\":\"es\"}]}<\/script>\n<!-- \/ Yoast SEO plugin. -->","yoast_head_json":{"title":"Diagnosis y dise\u00f1o de un plan de acci\u00f3n del Programa \u201cSan Adri\u00e0, ciudad amiga de las personas grandes\u201d (2022) - My CMS","robots":{"index":"index","follow":"follow","max-snippet":"max-snippet:-1","max-image-preview":"max-image-preview:large","max-video-preview":"max-video-preview:-1"},"canonical":"https:\/\/indic.cat\/es\/projecte\/diagnosis-y-diseno-de-un-plan-de-accion-del-programa-san-adria-ciudad-amiga-de-las-personas-grandes-2022\/","og_locale":"es_ES","og_type":"article","og_title":"Diagnosis y dise\u00f1o de un plan de acci\u00f3n del Programa \u201cSan Adri\u00e0, ciudad amiga de las personas grandes\u201d (2022) - My CMS","og_description":"INDIC acompa\u00f1\u00f3 el \u00c1rea de Igualdad y Sostenibilidad Social de la Diputaci\u00f3n de Barcelona en el apoyo al Ayuntamiento de Sant Adri\u00e0 de Bes\u00f2s para la participaci\u00f3n en el programa \u201cCiudades amigas de las personas grandes\u201d, un proyecto promovido por la Organizaci\u00f3n Mundial de la Salud (OMS) para impulsar pol\u00edticas de envejecimiento activo que promuevan [&hellip;]","og_url":"https:\/\/indic.cat\/es\/projecte\/diagnosis-y-diseno-de-un-plan-de-accion-del-programa-san-adria-ciudad-amiga-de-las-personas-grandes-2022\/","og_site_name":"My CMS","article_publisher":"https:\/\/www.facebook.com\/Indic-Iniciatives-i-Din%c3%a0miques-Comunit%c3%a0ries-362170033806658\/","article_modified_time":"2024-07-29T07:45:15+00:00","og_image":[{"width":1110,"height":659,"url":"https:\/\/indic.cat\/wp-content\/uploads\/2023\/09\/Sant_Adria_ciutat_amiga_gent_gran.jpg","type":"image\/jpeg"}],"twitter_card":"summary_large_image","twitter_site":"@IndicSL","twitter_misc":{"Tiempo de lectura":"3 minutos"},"schema":{"@context":"https:\/\/schema.org","@graph":[{"@type":"WebPage","@id":"https:\/\/indic.cat\/es\/projecte\/diagnosis-y-diseno-de-un-plan-de-accion-del-programa-san-adria-ciudad-amiga-de-las-personas-grandes-2022\/","url":"https:\/\/indic.cat\/es\/projecte\/diagnosis-y-diseno-de-un-plan-de-accion-del-programa-san-adria-ciudad-amiga-de-las-personas-grandes-2022\/","name":"Diagnosis y dise\u00f1o de un plan de acci\u00f3n del Programa \u201cSan Adri\u00e0, ciudad amiga de las personas grandes\u201d (2022) - My CMS","isPartOf":{"@id":"https:\/\/indic.cat\/#website"},"primaryImageOfPage":{"@id":"https:\/\/indic.cat\/es\/projecte\/diagnosis-y-diseno-de-un-plan-de-accion-del-programa-san-adria-ciudad-amiga-de-las-personas-grandes-2022\/#primaryimage"},"image":{"@id":"https:\/\/indic.cat\/es\/projecte\/diagnosis-y-diseno-de-un-plan-de-accion-del-programa-san-adria-ciudad-amiga-de-las-personas-grandes-2022\/#primaryimage"},"thumbnailUrl":"https:\/\/indic.cat\/wp-content\/uploads\/2023\/09\/Sant_Adria_ciutat_amiga_gent_gran.jpg","datePublished":"2023-09-14T11:51:30+00:00","dateModified":"2024-07-29T07:45:15+00:00","breadcrumb":{"@id":"https:\/\/indic.cat\/es\/projecte\/diagnosis-y-diseno-de-un-plan-de-accion-del-programa-san-adria-ciudad-amiga-de-las-personas-grandes-2022\/#breadcrumb"},"inLanguage":"es","potentialAction":[{"@type":"ReadAction","target":["https:\/\/indic.cat\/es\/projecte\/diagnosis-y-diseno-de-un-plan-de-accion-del-programa-san-adria-ciudad-amiga-de-las-personas-grandes-2022\/"]}]},{"@type":"ImageObject","inLanguage":"es","@id":"https:\/\/indic.cat\/es\/projecte\/diagnosis-y-diseno-de-un-plan-de-accion-del-programa-san-adria-ciudad-amiga-de-las-personas-grandes-2022\/#primaryimage","url":"https:\/\/indic.cat\/wp-content\/uploads\/2023\/09\/Sant_Adria_ciutat_amiga_gent_gran.jpg","contentUrl":"https:\/\/indic.cat\/wp-content\/uploads\/2023\/09\/Sant_Adria_ciutat_amiga_gent_gran.jpg","width":1110,"height":659,"caption":"Sant_Adri\u00e0_ciutat_amiga_gent_gran"},{"@type":"BreadcrumbList","@id":"https:\/\/indic.cat\/es\/projecte\/diagnosis-y-diseno-de-un-plan-de-accion-del-programa-san-adria-ciudad-amiga-de-las-personas-grandes-2022\/#breadcrumb","itemListElement":[{"@type":"ListItem","position":1,"name":"Inici","item":"https:\/\/indic.cat\/es\/iniciativas-y-dinamicas-comunitarias\/"},{"@type":"ListItem","position":2,"name":"Projectes","item":"https:\/\/indic.cat\/projecte\/"},{"@type":"ListItem","position":3,"name":"Diagnosis y dise\u00f1o de un plan de acci\u00f3n del Programa \u201cSan Adri\u00e0, ciudad amiga de las personas grandes\u201d (2022)"}]},{"@type":"WebSite","@id":"https:\/\/indic.cat\/#website","url":"https:\/\/indic.cat\/","name":"My CMS","description":"Iniciatives i din\u00e0miques comunit\u00e0ries","potentialAction":[{"@type":"SearchAction","target":{"@type":"EntryPoint","urlTemplate":"https:\/\/indic.cat\/?s={search_term_string}"},"query-input":{"@type":"PropertyValueSpecification","valueRequired":true,"valueName":"search_term_string"}}],"inLanguage":"es"}]}},"_links":{"self":[{"href":"https:\/\/indic.cat\/es\/wp-json\/wp\/v2\/projecte\/4314","targetHints":{"allow":["GET"]}}],"collection":[{"href":"https:\/\/indic.cat\/es\/wp-json\/wp\/v2\/projecte"}],"about":[{"href":"https:\/\/indic.cat\/es\/wp-json\/wp\/v2\/types\/projecte"}],"version-history":[{"count":4,"href":"https:\/\/indic.cat\/es\/wp-json\/wp\/v2\/projecte\/4314\/revisions"}],"predecessor-version":[{"id":6183,"href":"https:\/\/indic.cat\/es\/wp-json\/wp\/v2\/projecte\/4314\/revisions\/6183"}],"wp:featuredmedia":[{"embeddable":true,"href":"https:\/\/indic.cat\/es\/wp-json\/wp\/v2\/media\/3966"}],"wp:attachment":[{"href":"https:\/\/indic.cat\/es\/wp-json\/wp\/v2\/media?parent=4314"}],"wp:term":[{"taxonomy":"categoria-servei","embeddable":true,"href":"https:\/\/indic.cat\/es\/wp-json\/wp\/v2\/categoria-servei?post=4314"}],"curies":[{"name":"wp","href":"https:\/\/api.w.org\/{rel}","templated":true}]}}