{"id":4322,"date":"2023-09-12T13:38:22","date_gmt":"2023-09-12T11:38:22","guid":{"rendered":"https:\/\/indic.cat\/?post_type=projecte&#038;p=4322"},"modified":"2024-07-29T09:46:55","modified_gmt":"2024-07-29T07:46:55","slug":"proceso-participativo-de-la-nueva-ley-de-participacion-ciudadana-de-cataluna-2023","status":"publish","type":"projecte","link":"https:\/\/indic.cat\/es\/projecte\/proceso-participativo-de-la-nueva-ley-de-participacion-ciudadana-de-cataluna-2023\/","title":{"rendered":"Proceso participativo de la nueva ley de participaci\u00f3n ciudadana de Catalu\u00f1a (2023)"},"content":{"rendered":"<p>INDIC acompa\u00f1\u00f3 a la Direcci\u00f3n General de Participaci\u00f3n, Procesos Electorales y Calidad Democr\u00e1tica de la Generalitat de Catalu\u00f1a en el dise\u00f1o y ejecuci\u00f3n de las sesiones participativas del proceso participativo para la elaboraci\u00f3n de la nueva ley de participaci\u00f3n ciudadana. El objetivo de la elaboraci\u00f3n de la nueva ley era consolidar el modelo de participaci\u00f3n ciudadana como uno de los pilares del gobierno abierto, asentar unas bases s\u00f3lidas que faciliten la innovaci\u00f3n en este campo, garantizar los derechos de participaci\u00f3n, flexibilizar sus mecanismos y contribuir a una participaci\u00f3n ciudadana de calidad.<\/p>\n<p>Las tareas principales que se desarrollaron fueron:<\/p>\n<p>Realizar reuniones t\u00e9cnicas para definir el marco del debate y el dise\u00f1o metodol\u00f3gico del proceso participativo.<br \/>\nDinamizar las sesiones de debate en l\u00ednea y presenciales.<br \/>\nRedactar los informes de las sesiones de debate realizadas.<br \/>\nRedactar el informe agregado del proceso participativo con las aportaciones de las sesiones de debate y de la plataforma del proceso participativo al participa.gencat.cat.<br \/>\nElaborar una infograf\u00eda con el resumen de los resultados del proceso para facilitar su difusi\u00f3n a trav\u00e9s de las redes sociales.<\/p>\n","protected":false},"excerpt":{"rendered":"<p>INDIC acompa\u00f1\u00f3 a la Direcci\u00f3n General de Participaci\u00f3n, Procesos Electorales y Calidad Democr\u00e1tica de la Generalitat de Catalu\u00f1a en el dise\u00f1o y ejecuci\u00f3n de las sesiones participativas del proceso participativo para la elaboraci\u00f3n de la nueva ley de participaci\u00f3n ciudadana. El objetivo de la elaboraci\u00f3n de la nueva ley era consolidar el modelo de participaci\u00f3n [&hellip;]<\/p>\n","protected":false},"featured_media":3919,"menu_order":0,"template":"","meta":{"_acf_changed":false,"footnotes":""},"categoria-servei":[],"class_list":["post-4322","projecte","type-projecte","status-publish","has-post-thumbnail","hentry"],"acf":[],"yoast_head":"<!-- This site is optimized with the Yoast SEO plugin v27.4 - https:\/\/yoast.com\/product\/yoast-seo-wordpress\/ -->\n<title>Proceso participativo de la nueva ley de participaci\u00f3n ciudadana de Catalu\u00f1a (2023) - My CMS<\/title>\n<meta name=\"robots\" content=\"index, follow, max-snippet:-1, max-image-preview:large, max-video-preview:-1\" \/>\n<link rel=\"canonical\" href=\"https:\/\/indic.cat\/es\/projecte\/proceso-participativo-de-la-nueva-ley-de-participacion-ciudadana-de-cataluna-2023\/\" \/>\n<meta property=\"og:locale\" content=\"es_ES\" \/>\n<meta property=\"og:type\" content=\"article\" \/>\n<meta property=\"og:title\" content=\"Proceso participativo de la nueva ley de participaci\u00f3n ciudadana de Catalu\u00f1a (2023) - My CMS\" \/>\n<meta property=\"og:description\" content=\"INDIC acompa\u00f1\u00f3 a la Direcci\u00f3n General de Participaci\u00f3n, Procesos Electorales y Calidad Democr\u00e1tica de la Generalitat de Catalu\u00f1a en el dise\u00f1o y ejecuci\u00f3n de las sesiones participativas del proceso participativo para la elaboraci\u00f3n de la nueva ley de participaci\u00f3n ciudadana. El objetivo de la elaboraci\u00f3n de la nueva ley era consolidar el modelo de participaci\u00f3n [&hellip;]\" \/>\n<meta property=\"og:url\" content=\"https:\/\/indic.cat\/es\/projecte\/proceso-participativo-de-la-nueva-ley-de-participacion-ciudadana-de-cataluna-2023\/\" \/>\n<meta property=\"og:site_name\" content=\"My CMS\" \/>\n<meta property=\"article:publisher\" content=\"https:\/\/www.facebook.com\/Indic-Iniciatives-i-Din%c3%a0miques-Comunit%c3%a0ries-362170033806658\/\" \/>\n<meta property=\"article:modified_time\" content=\"2024-07-29T07:46:55+00:00\" \/>\n<meta property=\"og:image\" content=\"https:\/\/indic.cat\/wp-content\/uploads\/2023\/09\/1.2.-gencat-llei-participacio-2.png\" \/>\n\t<meta property=\"og:image:width\" content=\"375\" \/>\n\t<meta property=\"og:image:height\" content=\"250\" \/>\n\t<meta property=\"og:image:type\" content=\"image\/png\" \/>\n<meta name=\"twitter:card\" content=\"summary_large_image\" \/>\n<meta name=\"twitter:site\" content=\"@IndicSL\" \/>\n<meta name=\"twitter:label1\" content=\"Tiempo de lectura\" \/>\n\t<meta name=\"twitter:data1\" content=\"2 minutos\" \/>\n<script type=\"application\/ld+json\" class=\"yoast-schema-graph\">{\"@context\":\"https:\\\/\\\/schema.org\",\"@graph\":[{\"@type\":\"WebPage\",\"@id\":\"https:\\\/\\\/indic.cat\\\/es\\\/projecte\\\/proceso-participativo-de-la-nueva-ley-de-participacion-ciudadana-de-cataluna-2023\\\/\",\"url\":\"https:\\\/\\\/indic.cat\\\/es\\\/projecte\\\/proceso-participativo-de-la-nueva-ley-de-participacion-ciudadana-de-cataluna-2023\\\/\",\"name\":\"Proceso participativo de la nueva ley de participaci\u00f3n ciudadana de Catalu\u00f1a (2023) - My CMS\",\"isPartOf\":{\"@id\":\"https:\\\/\\\/indic.cat\\\/#website\"},\"primaryImageOfPage\":{\"@id\":\"https:\\\/\\\/indic.cat\\\/es\\\/projecte\\\/proceso-participativo-de-la-nueva-ley-de-participacion-ciudadana-de-cataluna-2023\\\/#primaryimage\"},\"image\":{\"@id\":\"https:\\\/\\\/indic.cat\\\/es\\\/projecte\\\/proceso-participativo-de-la-nueva-ley-de-participacion-ciudadana-de-cataluna-2023\\\/#primaryimage\"},\"thumbnailUrl\":\"https:\\\/\\\/indic.cat\\\/wp-content\\\/uploads\\\/2023\\\/09\\\/1.2.-gencat-llei-participacio-2.png\",\"datePublished\":\"2023-09-12T11:38:22+00:00\",\"dateModified\":\"2024-07-29T07:46:55+00:00\",\"breadcrumb\":{\"@id\":\"https:\\\/\\\/indic.cat\\\/es\\\/projecte\\\/proceso-participativo-de-la-nueva-ley-de-participacion-ciudadana-de-cataluna-2023\\\/#breadcrumb\"},\"inLanguage\":\"es\",\"potentialAction\":[{\"@type\":\"ReadAction\",\"target\":[\"https:\\\/\\\/indic.cat\\\/es\\\/projecte\\\/proceso-participativo-de-la-nueva-ley-de-participacion-ciudadana-de-cataluna-2023\\\/\"]}]},{\"@type\":\"ImageObject\",\"inLanguage\":\"es\",\"@id\":\"https:\\\/\\\/indic.cat\\\/es\\\/projecte\\\/proceso-participativo-de-la-nueva-ley-de-participacion-ciudadana-de-cataluna-2023\\\/#primaryimage\",\"url\":\"https:\\\/\\\/indic.cat\\\/wp-content\\\/uploads\\\/2023\\\/09\\\/1.2.-gencat-llei-participacio-2.png\",\"contentUrl\":\"https:\\\/\\\/indic.cat\\\/wp-content\\\/uploads\\\/2023\\\/09\\\/1.2.-gencat-llei-participacio-2.png\",\"width\":375,\"height\":250,\"caption\":\"1.2. gencat llei participacio (2)\"},{\"@type\":\"BreadcrumbList\",\"@id\":\"https:\\\/\\\/indic.cat\\\/es\\\/projecte\\\/proceso-participativo-de-la-nueva-ley-de-participacion-ciudadana-de-cataluna-2023\\\/#breadcrumb\",\"itemListElement\":[{\"@type\":\"ListItem\",\"position\":1,\"name\":\"Inici\",\"item\":\"https:\\\/\\\/indic.cat\\\/es\\\/iniciativas-y-dinamicas-comunitarias\\\/\"},{\"@type\":\"ListItem\",\"position\":2,\"name\":\"Projectes\",\"item\":\"https:\\\/\\\/indic.cat\\\/projecte\\\/\"},{\"@type\":\"ListItem\",\"position\":3,\"name\":\"Proceso participativo de la nueva ley de participaci\u00f3n ciudadana de Catalu\u00f1a (2023)\"}]},{\"@type\":\"WebSite\",\"@id\":\"https:\\\/\\\/indic.cat\\\/#website\",\"url\":\"https:\\\/\\\/indic.cat\\\/\",\"name\":\"My CMS\",\"description\":\"Iniciatives i din\u00e0miques comunit\u00e0ries\",\"potentialAction\":[{\"@type\":\"SearchAction\",\"target\":{\"@type\":\"EntryPoint\",\"urlTemplate\":\"https:\\\/\\\/indic.cat\\\/?s={search_term_string}\"},\"query-input\":{\"@type\":\"PropertyValueSpecification\",\"valueRequired\":true,\"valueName\":\"search_term_string\"}}],\"inLanguage\":\"es\"}]}<\/script>\n<!-- \/ Yoast SEO plugin. -->","yoast_head_json":{"title":"Proceso participativo de la nueva ley de participaci\u00f3n ciudadana de Catalu\u00f1a (2023) - My CMS","robots":{"index":"index","follow":"follow","max-snippet":"max-snippet:-1","max-image-preview":"max-image-preview:large","max-video-preview":"max-video-preview:-1"},"canonical":"https:\/\/indic.cat\/es\/projecte\/proceso-participativo-de-la-nueva-ley-de-participacion-ciudadana-de-cataluna-2023\/","og_locale":"es_ES","og_type":"article","og_title":"Proceso participativo de la nueva ley de participaci\u00f3n ciudadana de Catalu\u00f1a (2023) - My CMS","og_description":"INDIC acompa\u00f1\u00f3 a la Direcci\u00f3n General de Participaci\u00f3n, Procesos Electorales y Calidad Democr\u00e1tica de la Generalitat de Catalu\u00f1a en el dise\u00f1o y ejecuci\u00f3n de las sesiones participativas del proceso participativo para la elaboraci\u00f3n de la nueva ley de participaci\u00f3n ciudadana. El objetivo de la elaboraci\u00f3n de la nueva ley era consolidar el modelo de participaci\u00f3n [&hellip;]","og_url":"https:\/\/indic.cat\/es\/projecte\/proceso-participativo-de-la-nueva-ley-de-participacion-ciudadana-de-cataluna-2023\/","og_site_name":"My CMS","article_publisher":"https:\/\/www.facebook.com\/Indic-Iniciatives-i-Din%c3%a0miques-Comunit%c3%a0ries-362170033806658\/","article_modified_time":"2024-07-29T07:46:55+00:00","og_image":[{"width":375,"height":250,"url":"https:\/\/indic.cat\/wp-content\/uploads\/2023\/09\/1.2.-gencat-llei-participacio-2.png","type":"image\/png"}],"twitter_card":"summary_large_image","twitter_site":"@IndicSL","twitter_misc":{"Tiempo de lectura":"2 minutos"},"schema":{"@context":"https:\/\/schema.org","@graph":[{"@type":"WebPage","@id":"https:\/\/indic.cat\/es\/projecte\/proceso-participativo-de-la-nueva-ley-de-participacion-ciudadana-de-cataluna-2023\/","url":"https:\/\/indic.cat\/es\/projecte\/proceso-participativo-de-la-nueva-ley-de-participacion-ciudadana-de-cataluna-2023\/","name":"Proceso participativo de la nueva ley de participaci\u00f3n ciudadana de Catalu\u00f1a (2023) - My CMS","isPartOf":{"@id":"https:\/\/indic.cat\/#website"},"primaryImageOfPage":{"@id":"https:\/\/indic.cat\/es\/projecte\/proceso-participativo-de-la-nueva-ley-de-participacion-ciudadana-de-cataluna-2023\/#primaryimage"},"image":{"@id":"https:\/\/indic.cat\/es\/projecte\/proceso-participativo-de-la-nueva-ley-de-participacion-ciudadana-de-cataluna-2023\/#primaryimage"},"thumbnailUrl":"https:\/\/indic.cat\/wp-content\/uploads\/2023\/09\/1.2.-gencat-llei-participacio-2.png","datePublished":"2023-09-12T11:38:22+00:00","dateModified":"2024-07-29T07:46:55+00:00","breadcrumb":{"@id":"https:\/\/indic.cat\/es\/projecte\/proceso-participativo-de-la-nueva-ley-de-participacion-ciudadana-de-cataluna-2023\/#breadcrumb"},"inLanguage":"es","potentialAction":[{"@type":"ReadAction","target":["https:\/\/indic.cat\/es\/projecte\/proceso-participativo-de-la-nueva-ley-de-participacion-ciudadana-de-cataluna-2023\/"]}]},{"@type":"ImageObject","inLanguage":"es","@id":"https:\/\/indic.cat\/es\/projecte\/proceso-participativo-de-la-nueva-ley-de-participacion-ciudadana-de-cataluna-2023\/#primaryimage","url":"https:\/\/indic.cat\/wp-content\/uploads\/2023\/09\/1.2.-gencat-llei-participacio-2.png","contentUrl":"https:\/\/indic.cat\/wp-content\/uploads\/2023\/09\/1.2.-gencat-llei-participacio-2.png","width":375,"height":250,"caption":"1.2. gencat llei participacio (2)"},{"@type":"BreadcrumbList","@id":"https:\/\/indic.cat\/es\/projecte\/proceso-participativo-de-la-nueva-ley-de-participacion-ciudadana-de-cataluna-2023\/#breadcrumb","itemListElement":[{"@type":"ListItem","position":1,"name":"Inici","item":"https:\/\/indic.cat\/es\/iniciativas-y-dinamicas-comunitarias\/"},{"@type":"ListItem","position":2,"name":"Projectes","item":"https:\/\/indic.cat\/projecte\/"},{"@type":"ListItem","position":3,"name":"Proceso participativo de la nueva ley de participaci\u00f3n ciudadana de Catalu\u00f1a (2023)"}]},{"@type":"WebSite","@id":"https:\/\/indic.cat\/#website","url":"https:\/\/indic.cat\/","name":"My CMS","description":"Iniciatives i din\u00e0miques comunit\u00e0ries","potentialAction":[{"@type":"SearchAction","target":{"@type":"EntryPoint","urlTemplate":"https:\/\/indic.cat\/?s={search_term_string}"},"query-input":{"@type":"PropertyValueSpecification","valueRequired":true,"valueName":"search_term_string"}}],"inLanguage":"es"}]}},"_links":{"self":[{"href":"https:\/\/indic.cat\/es\/wp-json\/wp\/v2\/projecte\/4322","targetHints":{"allow":["GET"]}}],"collection":[{"href":"https:\/\/indic.cat\/es\/wp-json\/wp\/v2\/projecte"}],"about":[{"href":"https:\/\/indic.cat\/es\/wp-json\/wp\/v2\/types\/projecte"}],"version-history":[{"count":3,"href":"https:\/\/indic.cat\/es\/wp-json\/wp\/v2\/projecte\/4322\/revisions"}],"predecessor-version":[{"id":6188,"href":"https:\/\/indic.cat\/es\/wp-json\/wp\/v2\/projecte\/4322\/revisions\/6188"}],"wp:featuredmedia":[{"embeddable":true,"href":"https:\/\/indic.cat\/es\/wp-json\/wp\/v2\/media\/3919"}],"wp:attachment":[{"href":"https:\/\/indic.cat\/es\/wp-json\/wp\/v2\/media?parent=4322"}],"wp:term":[{"taxonomy":"categoria-servei","embeddable":true,"href":"https:\/\/indic.cat\/es\/wp-json\/wp\/v2\/categoria-servei?post=4322"}],"curies":[{"name":"wp","href":"https:\/\/api.w.org\/{rel}","templated":true}]}}