{"id":4332,"date":"2021-02-04T14:30:54","date_gmt":"2021-02-04T12:30:54","guid":{"rendered":"https:\/\/indic.cat\/?post_type=projecte&#038;p=4332"},"modified":"2024-07-29T09:47:32","modified_gmt":"2024-07-29T07:47:32","slug":"plan-local-de-infancia-y-adolescencia-de-sant-cugat-2020-2023","status":"publish","type":"projecte","link":"https:\/\/indic.cat\/es\/projecte\/plan-local-de-infancia-y-adolescencia-de-sant-cugat-2020-2023\/","title":{"rendered":"Plan Local de Infancia y Adolescencia de Sant Cugat (2020-2023)"},"content":{"rendered":"<p>El a\u00f1o 2019 el Ayuntamiento de Sant Cugat puso en marcha un proceso de elaboraci\u00f3n del Plan Local de Infancia y Adolescencia (2020-2023) con la voluntad de actualizar y reflexionar entorno la situaci\u00f3n de los ni\u00f1os (de los 0 a los 12 a\u00f1os) y adolescentes (de los 12 a los 18 a\u00f1os).<\/p>\n<p>El equipo de INDIC hizo un acompa\u00f1amiento a lo largo del proceso desarrollando tareas alrededor de las dos fases propuestas: una primera fase de diagn\u00f3stico y una segunda fase, la cual se defin\u00eda para elaborar el dise\u00f1o el propio Plan.<\/p>\n<p>A la fase de diagn\u00f3stico las tareas desarrolladas han estado:<\/p>\n<p>An\u00e1lisis sociodemogr\u00e1fico, el cual incluye el an\u00e1lisis y explotaci\u00f3n de datos secundarios y an\u00e1lisis de documentaci\u00f3n, acompa\u00f1ado de un an\u00e1lisis cualitativo con el \u00e1mbito pol\u00edtico, t\u00e9cnico y con ni\u00f1os y j\u00f3venes del municipio. En estas sesiones se han hecho alrededor de las siguientes tem\u00e1ticas: educaci\u00f3n y formaci\u00f3n, salud, convivencia y relaciones positivas, informaci\u00f3n y participaci\u00f3n, usos del tiempo y ocio en la ciudad y finalmente, ocupaci\u00f3n y vivienda.<br \/>\nDise\u00f1o y tratamiento de datos de una encuesta en l\u00ednea dirigida a familias con ni\u00f1os menores de 12 a\u00f1os y j\u00f3venes de 12 a 18 a\u00f1os.<\/p>\n<p>En una segunda fase, donde el objetivo resid\u00eda al desarrollar el propio Plan, las tareas de apoyo y acompa\u00f1amiento han estado:<\/p>\n<p>Entrevistas con responsables t\u00e9cnicos de diferentes \u00e1reas para concretar las actuaciones a desarrollar al PLIA.<br \/>\nDefinici\u00f3n y ordenaci\u00f3n de las fichas de actuaci\u00f3n en tres esos estrat\u00e9gicos:<br \/>\nUna ciudad que promueve la igualdad de oportunidades educativas<br \/>\nUna ciudad saludable que protege los ni\u00f1os y adolescentes<br \/>\nUna ciudad participativa y amiga de los ni\u00f1os y adolescentes<br \/>\nRedacci\u00f3n del documento final, aprobado por el Ayuntamiento de Sant Cugat.<\/p>\n","protected":false},"excerpt":{"rendered":"<p>El a\u00f1o 2019 el Ayuntamiento de Sant Cugat puso en marcha un proceso de elaboraci\u00f3n del Plan Local de Infancia y Adolescencia (2020-2023) con la voluntad de actualizar y reflexionar entorno la situaci\u00f3n de los ni\u00f1os (de los 0 a los 12 a\u00f1os) y adolescentes (de los 12 a los 18 a\u00f1os). El equipo de [&hellip;]<\/p>\n","protected":false},"featured_media":3693,"menu_order":0,"template":"","meta":{"_acf_changed":false,"footnotes":""},"categoria-servei":[],"class_list":["post-4332","projecte","type-projecte","status-publish","has-post-thumbnail","hentry"],"acf":[],"yoast_head":"<!-- This site is optimized with the Yoast SEO plugin v27.4 - https:\/\/yoast.com\/product\/yoast-seo-wordpress\/ -->\n<title>Plan Local de Infancia y Adolescencia de Sant Cugat (2020-2023) - My CMS<\/title>\n<meta name=\"robots\" content=\"index, follow, max-snippet:-1, max-image-preview:large, max-video-preview:-1\" \/>\n<link rel=\"canonical\" href=\"https:\/\/indic.cat\/es\/projecte\/plan-local-de-infancia-y-adolescencia-de-sant-cugat-2020-2023\/\" \/>\n<meta property=\"og:locale\" content=\"es_ES\" \/>\n<meta property=\"og:type\" content=\"article\" \/>\n<meta property=\"og:title\" content=\"Plan Local de Infancia y Adolescencia de Sant Cugat (2020-2023) - My CMS\" \/>\n<meta property=\"og:description\" content=\"El a\u00f1o 2019 el Ayuntamiento de Sant Cugat puso en marcha un proceso de elaboraci\u00f3n del Plan Local de Infancia y Adolescencia (2020-2023) con la voluntad de actualizar y reflexionar entorno la situaci\u00f3n de los ni\u00f1os (de los 0 a los 12 a\u00f1os) y adolescentes (de los 12 a los 18 a\u00f1os). El equipo de [&hellip;]\" \/>\n<meta property=\"og:url\" content=\"https:\/\/indic.cat\/es\/projecte\/plan-local-de-infancia-y-adolescencia-de-sant-cugat-2020-2023\/\" \/>\n<meta property=\"og:site_name\" content=\"My CMS\" \/>\n<meta property=\"article:publisher\" content=\"https:\/\/www.facebook.com\/Indic-Iniciatives-i-Din%c3%a0miques-Comunit%c3%a0ries-362170033806658\/\" \/>\n<meta property=\"article:modified_time\" content=\"2024-07-29T07:47:32+00:00\" \/>\n<meta property=\"og:image\" content=\"https:\/\/indic.cat\/wp-content\/uploads\/2021\/02\/asian-businessmen-businesswomen-meeting-brainstorming-ideas-about-creative-web-design-planning-application-developing-template-layout-mobile-phone-project-working-together-small-office_7861-2738.jpg\" \/>\n\t<meta property=\"og:image:width\" content=\"626\" \/>\n\t<meta property=\"og:image:height\" content=\"284\" \/>\n\t<meta property=\"og:image:type\" content=\"image\/jpeg\" \/>\n<meta name=\"twitter:card\" content=\"summary_large_image\" \/>\n<meta name=\"twitter:site\" content=\"@IndicSL\" \/>\n<meta name=\"twitter:label1\" content=\"Tiempo de lectura\" \/>\n\t<meta name=\"twitter:data1\" content=\"2 minutos\" \/>\n<script type=\"application\/ld+json\" class=\"yoast-schema-graph\">{\"@context\":\"https:\\\/\\\/schema.org\",\"@graph\":[{\"@type\":\"WebPage\",\"@id\":\"https:\\\/\\\/indic.cat\\\/es\\\/projecte\\\/plan-local-de-infancia-y-adolescencia-de-sant-cugat-2020-2023\\\/\",\"url\":\"https:\\\/\\\/indic.cat\\\/es\\\/projecte\\\/plan-local-de-infancia-y-adolescencia-de-sant-cugat-2020-2023\\\/\",\"name\":\"Plan Local de Infancia y Adolescencia de Sant Cugat (2020-2023) - My CMS\",\"isPartOf\":{\"@id\":\"https:\\\/\\\/indic.cat\\\/#website\"},\"primaryImageOfPage\":{\"@id\":\"https:\\\/\\\/indic.cat\\\/es\\\/projecte\\\/plan-local-de-infancia-y-adolescencia-de-sant-cugat-2020-2023\\\/#primaryimage\"},\"image\":{\"@id\":\"https:\\\/\\\/indic.cat\\\/es\\\/projecte\\\/plan-local-de-infancia-y-adolescencia-de-sant-cugat-2020-2023\\\/#primaryimage\"},\"thumbnailUrl\":\"https:\\\/\\\/indic.cat\\\/wp-content\\\/uploads\\\/2021\\\/02\\\/asian-businessmen-businesswomen-meeting-brainstorming-ideas-about-creative-web-design-planning-application-developing-template-layout-mobile-phone-project-working-together-small-office_7861-2738.jpg\",\"datePublished\":\"2021-02-04T12:30:54+00:00\",\"dateModified\":\"2024-07-29T07:47:32+00:00\",\"breadcrumb\":{\"@id\":\"https:\\\/\\\/indic.cat\\\/es\\\/projecte\\\/plan-local-de-infancia-y-adolescencia-de-sant-cugat-2020-2023\\\/#breadcrumb\"},\"inLanguage\":\"es\",\"potentialAction\":[{\"@type\":\"ReadAction\",\"target\":[\"https:\\\/\\\/indic.cat\\\/es\\\/projecte\\\/plan-local-de-infancia-y-adolescencia-de-sant-cugat-2020-2023\\\/\"]}]},{\"@type\":\"ImageObject\",\"inLanguage\":\"es\",\"@id\":\"https:\\\/\\\/indic.cat\\\/es\\\/projecte\\\/plan-local-de-infancia-y-adolescencia-de-sant-cugat-2020-2023\\\/#primaryimage\",\"url\":\"https:\\\/\\\/indic.cat\\\/wp-content\\\/uploads\\\/2021\\\/02\\\/asian-businessmen-businesswomen-meeting-brainstorming-ideas-about-creative-web-design-planning-application-developing-template-layout-mobile-phone-project-working-together-small-office_7861-2738.jpg\",\"contentUrl\":\"https:\\\/\\\/indic.cat\\\/wp-content\\\/uploads\\\/2021\\\/02\\\/asian-businessmen-businesswomen-meeting-brainstorming-ideas-about-creative-web-design-planning-application-developing-template-layout-mobile-phone-project-working-together-small-office_7861-2738.jpg\",\"width\":626,\"height\":284,\"caption\":\"asian-businessmen-businesswomen-meeting-brainstorming-ideas-about-creative-web-design-planning-application-developing-template-layout-mobile-phone-project-working-together-small-office_7861-2738\"},{\"@type\":\"BreadcrumbList\",\"@id\":\"https:\\\/\\\/indic.cat\\\/es\\\/projecte\\\/plan-local-de-infancia-y-adolescencia-de-sant-cugat-2020-2023\\\/#breadcrumb\",\"itemListElement\":[{\"@type\":\"ListItem\",\"position\":1,\"name\":\"Inici\",\"item\":\"https:\\\/\\\/indic.cat\\\/es\\\/iniciativas-y-dinamicas-comunitarias\\\/\"},{\"@type\":\"ListItem\",\"position\":2,\"name\":\"Projectes\",\"item\":\"https:\\\/\\\/indic.cat\\\/projecte\\\/\"},{\"@type\":\"ListItem\",\"position\":3,\"name\":\"Plan Local de Infancia y Adolescencia de Sant Cugat (2020-2023)\"}]},{\"@type\":\"WebSite\",\"@id\":\"https:\\\/\\\/indic.cat\\\/#website\",\"url\":\"https:\\\/\\\/indic.cat\\\/\",\"name\":\"My CMS\",\"description\":\"Iniciatives i din\u00e0miques comunit\u00e0ries\",\"potentialAction\":[{\"@type\":\"SearchAction\",\"target\":{\"@type\":\"EntryPoint\",\"urlTemplate\":\"https:\\\/\\\/indic.cat\\\/?s={search_term_string}\"},\"query-input\":{\"@type\":\"PropertyValueSpecification\",\"valueRequired\":true,\"valueName\":\"search_term_string\"}}],\"inLanguage\":\"es\"}]}<\/script>\n<!-- \/ Yoast SEO plugin. -->","yoast_head_json":{"title":"Plan Local de Infancia y Adolescencia de Sant Cugat (2020-2023) - My CMS","robots":{"index":"index","follow":"follow","max-snippet":"max-snippet:-1","max-image-preview":"max-image-preview:large","max-video-preview":"max-video-preview:-1"},"canonical":"https:\/\/indic.cat\/es\/projecte\/plan-local-de-infancia-y-adolescencia-de-sant-cugat-2020-2023\/","og_locale":"es_ES","og_type":"article","og_title":"Plan Local de Infancia y Adolescencia de Sant Cugat (2020-2023) - My CMS","og_description":"El a\u00f1o 2019 el Ayuntamiento de Sant Cugat puso en marcha un proceso de elaboraci\u00f3n del Plan Local de Infancia y Adolescencia (2020-2023) con la voluntad de actualizar y reflexionar entorno la situaci\u00f3n de los ni\u00f1os (de los 0 a los 12 a\u00f1os) y adolescentes (de los 12 a los 18 a\u00f1os). El equipo de [&hellip;]","og_url":"https:\/\/indic.cat\/es\/projecte\/plan-local-de-infancia-y-adolescencia-de-sant-cugat-2020-2023\/","og_site_name":"My CMS","article_publisher":"https:\/\/www.facebook.com\/Indic-Iniciatives-i-Din%c3%a0miques-Comunit%c3%a0ries-362170033806658\/","article_modified_time":"2024-07-29T07:47:32+00:00","og_image":[{"width":626,"height":284,"url":"https:\/\/indic.cat\/wp-content\/uploads\/2021\/02\/asian-businessmen-businesswomen-meeting-brainstorming-ideas-about-creative-web-design-planning-application-developing-template-layout-mobile-phone-project-working-together-small-office_7861-2738.jpg","type":"image\/jpeg"}],"twitter_card":"summary_large_image","twitter_site":"@IndicSL","twitter_misc":{"Tiempo de lectura":"2 minutos"},"schema":{"@context":"https:\/\/schema.org","@graph":[{"@type":"WebPage","@id":"https:\/\/indic.cat\/es\/projecte\/plan-local-de-infancia-y-adolescencia-de-sant-cugat-2020-2023\/","url":"https:\/\/indic.cat\/es\/projecte\/plan-local-de-infancia-y-adolescencia-de-sant-cugat-2020-2023\/","name":"Plan Local de Infancia y Adolescencia de Sant Cugat (2020-2023) - My CMS","isPartOf":{"@id":"https:\/\/indic.cat\/#website"},"primaryImageOfPage":{"@id":"https:\/\/indic.cat\/es\/projecte\/plan-local-de-infancia-y-adolescencia-de-sant-cugat-2020-2023\/#primaryimage"},"image":{"@id":"https:\/\/indic.cat\/es\/projecte\/plan-local-de-infancia-y-adolescencia-de-sant-cugat-2020-2023\/#primaryimage"},"thumbnailUrl":"https:\/\/indic.cat\/wp-content\/uploads\/2021\/02\/asian-businessmen-businesswomen-meeting-brainstorming-ideas-about-creative-web-design-planning-application-developing-template-layout-mobile-phone-project-working-together-small-office_7861-2738.jpg","datePublished":"2021-02-04T12:30:54+00:00","dateModified":"2024-07-29T07:47:32+00:00","breadcrumb":{"@id":"https:\/\/indic.cat\/es\/projecte\/plan-local-de-infancia-y-adolescencia-de-sant-cugat-2020-2023\/#breadcrumb"},"inLanguage":"es","potentialAction":[{"@type":"ReadAction","target":["https:\/\/indic.cat\/es\/projecte\/plan-local-de-infancia-y-adolescencia-de-sant-cugat-2020-2023\/"]}]},{"@type":"ImageObject","inLanguage":"es","@id":"https:\/\/indic.cat\/es\/projecte\/plan-local-de-infancia-y-adolescencia-de-sant-cugat-2020-2023\/#primaryimage","url":"https:\/\/indic.cat\/wp-content\/uploads\/2021\/02\/asian-businessmen-businesswomen-meeting-brainstorming-ideas-about-creative-web-design-planning-application-developing-template-layout-mobile-phone-project-working-together-small-office_7861-2738.jpg","contentUrl":"https:\/\/indic.cat\/wp-content\/uploads\/2021\/02\/asian-businessmen-businesswomen-meeting-brainstorming-ideas-about-creative-web-design-planning-application-developing-template-layout-mobile-phone-project-working-together-small-office_7861-2738.jpg","width":626,"height":284,"caption":"asian-businessmen-businesswomen-meeting-brainstorming-ideas-about-creative-web-design-planning-application-developing-template-layout-mobile-phone-project-working-together-small-office_7861-2738"},{"@type":"BreadcrumbList","@id":"https:\/\/indic.cat\/es\/projecte\/plan-local-de-infancia-y-adolescencia-de-sant-cugat-2020-2023\/#breadcrumb","itemListElement":[{"@type":"ListItem","position":1,"name":"Inici","item":"https:\/\/indic.cat\/es\/iniciativas-y-dinamicas-comunitarias\/"},{"@type":"ListItem","position":2,"name":"Projectes","item":"https:\/\/indic.cat\/projecte\/"},{"@type":"ListItem","position":3,"name":"Plan Local de Infancia y Adolescencia de Sant Cugat (2020-2023)"}]},{"@type":"WebSite","@id":"https:\/\/indic.cat\/#website","url":"https:\/\/indic.cat\/","name":"My CMS","description":"Iniciatives i din\u00e0miques comunit\u00e0ries","potentialAction":[{"@type":"SearchAction","target":{"@type":"EntryPoint","urlTemplate":"https:\/\/indic.cat\/?s={search_term_string}"},"query-input":{"@type":"PropertyValueSpecification","valueRequired":true,"valueName":"search_term_string"}}],"inLanguage":"es"}]}},"_links":{"self":[{"href":"https:\/\/indic.cat\/es\/wp-json\/wp\/v2\/projecte\/4332","targetHints":{"allow":["GET"]}}],"collection":[{"href":"https:\/\/indic.cat\/es\/wp-json\/wp\/v2\/projecte"}],"about":[{"href":"https:\/\/indic.cat\/es\/wp-json\/wp\/v2\/types\/projecte"}],"version-history":[{"count":3,"href":"https:\/\/indic.cat\/es\/wp-json\/wp\/v2\/projecte\/4332\/revisions"}],"predecessor-version":[{"id":6189,"href":"https:\/\/indic.cat\/es\/wp-json\/wp\/v2\/projecte\/4332\/revisions\/6189"}],"wp:featuredmedia":[{"embeddable":true,"href":"https:\/\/indic.cat\/es\/wp-json\/wp\/v2\/media\/3693"}],"wp:attachment":[{"href":"https:\/\/indic.cat\/es\/wp-json\/wp\/v2\/media?parent=4332"}],"wp:term":[{"taxonomy":"categoria-servei","embeddable":true,"href":"https:\/\/indic.cat\/es\/wp-json\/wp\/v2\/categoria-servei?post=4332"}],"curies":[{"name":"wp","href":"https:\/\/api.w.org\/{rel}","templated":true}]}}