{"id":4338,"date":"2020-10-06T13:55:37","date_gmt":"2020-10-06T11:55:37","guid":{"rendered":"https:\/\/indic.cat\/?post_type=projecte&#038;p=4338"},"modified":"2024-07-29T09:49:03","modified_gmt":"2024-07-29T07:49:03","slug":"casa-capell-de-mataro-2020","status":"publish","type":"projecte","link":"https:\/\/indic.cat\/es\/projecte\/casa-capell-de-mataro-2020\/","title":{"rendered":"Casa Capell de Matar\u00f3 (2020)"},"content":{"rendered":"<p>La Diputaci\u00f3n de Barcelona inici\u00f3 un proceso a la equipaci\u00f3n de la Casa Gorro de Matar\u00f3 con el objetivo de replantear los usos de la equipaci\u00f3n y definir un Plan Director que permitiera que Casa Gorro acontezca un centro de referencia de participaci\u00f3n y generaci\u00f3n de ideas vinculadas a temas de sostenibilidad.<\/p>\n<p>A lo largo de este proceso INDIC hizo tareas de apoyo y acompa\u00f1amiento en las diferentes fases que se propon\u00edan, abiertas a todo el mundo.<\/p>\n<p>En una primera fase, dedicada a la recogida de informaci\u00f3n y la diagnosis, se dinamiz\u00f3 una sesi\u00f3n de trabajo con t\u00e9cnicos y t\u00e9cnicas municipales, y otra sesi\u00f3n con la ciudadan\u00eda para identificar las oportunidades y las limitaciones que presentaba el espacio de Casa Gorro.<\/p>\n<p>En una segunda fase, el objetivo se centraba en hacer una proyecci\u00f3n de c\u00f3mo se quer\u00eda que fuera la futura equipaci\u00f3n, definiendo tambi\u00e9n el escenario deseado por el espacio. Finalmente, en una \u00faltima fase, se hizo un acompa\u00f1amiento para concretar las propuestas que hab\u00eda que incluir en el futuro Plano de Usos.<\/p>\n","protected":false},"excerpt":{"rendered":"<p>La Diputaci\u00f3n de Barcelona inici\u00f3 un proceso a la equipaci\u00f3n de la Casa Gorro de Matar\u00f3 con el objetivo de replantear los usos de la equipaci\u00f3n y definir un Plan Director que permitiera que Casa Gorro acontezca un centro de referencia de participaci\u00f3n y generaci\u00f3n de ideas vinculadas a temas de sostenibilidad. A lo largo [&hellip;]<\/p>\n","protected":false},"featured_media":3647,"menu_order":0,"template":"","meta":{"_acf_changed":false,"footnotes":""},"categoria-servei":[],"class_list":["post-4338","projecte","type-projecte","status-publish","has-post-thumbnail","hentry"],"acf":[],"yoast_head":"<!-- This site is optimized with the Yoast SEO plugin v27.4 - https:\/\/yoast.com\/product\/yoast-seo-wordpress\/ -->\n<title>Casa Capell de Matar\u00f3 (2020) - My CMS<\/title>\n<meta name=\"robots\" content=\"index, follow, max-snippet:-1, max-image-preview:large, max-video-preview:-1\" \/>\n<link rel=\"canonical\" href=\"https:\/\/indic.cat\/es\/projecte\/casa-capell-de-mataro-2020\/\" \/>\n<meta property=\"og:locale\" content=\"es_ES\" \/>\n<meta property=\"og:type\" content=\"article\" \/>\n<meta property=\"og:title\" content=\"Casa Capell de Matar\u00f3 (2020) - My CMS\" \/>\n<meta property=\"og:description\" content=\"La Diputaci\u00f3n de Barcelona inici\u00f3 un proceso a la equipaci\u00f3n de la Casa Gorro de Matar\u00f3 con el objetivo de replantear los usos de la equipaci\u00f3n y definir un Plan Director que permitiera que Casa Gorro acontezca un centro de referencia de participaci\u00f3n y generaci\u00f3n de ideas vinculadas a temas de sostenibilidad. A lo largo [&hellip;]\" \/>\n<meta property=\"og:url\" content=\"https:\/\/indic.cat\/es\/projecte\/casa-capell-de-mataro-2020\/\" \/>\n<meta property=\"og:site_name\" content=\"My CMS\" \/>\n<meta property=\"article:publisher\" content=\"https:\/\/www.facebook.com\/Indic-Iniciatives-i-Din%c3%a0miques-Comunit%c3%a0ries-362170033806658\/\" \/>\n<meta property=\"article:modified_time\" content=\"2024-07-29T07:49:03+00:00\" \/>\n<meta property=\"og:image\" content=\"https:\/\/indic.cat\/wp-content\/uploads\/2020\/10\/Captura.jpg\" \/>\n\t<meta property=\"og:image:width\" content=\"1033\" \/>\n\t<meta property=\"og:image:height\" content=\"501\" \/>\n\t<meta property=\"og:image:type\" content=\"image\/jpeg\" \/>\n<meta name=\"twitter:card\" content=\"summary_large_image\" \/>\n<meta name=\"twitter:site\" content=\"@IndicSL\" \/>\n<meta name=\"twitter:label1\" content=\"Tiempo de lectura\" \/>\n\t<meta name=\"twitter:data1\" content=\"2 minutos\" \/>\n<script type=\"application\/ld+json\" class=\"yoast-schema-graph\">{\"@context\":\"https:\\\/\\\/schema.org\",\"@graph\":[{\"@type\":\"WebPage\",\"@id\":\"https:\\\/\\\/indic.cat\\\/es\\\/projecte\\\/casa-capell-de-mataro-2020\\\/\",\"url\":\"https:\\\/\\\/indic.cat\\\/es\\\/projecte\\\/casa-capell-de-mataro-2020\\\/\",\"name\":\"Casa Capell de Matar\u00f3 (2020) - My CMS\",\"isPartOf\":{\"@id\":\"https:\\\/\\\/indic.cat\\\/#website\"},\"primaryImageOfPage\":{\"@id\":\"https:\\\/\\\/indic.cat\\\/es\\\/projecte\\\/casa-capell-de-mataro-2020\\\/#primaryimage\"},\"image\":{\"@id\":\"https:\\\/\\\/indic.cat\\\/es\\\/projecte\\\/casa-capell-de-mataro-2020\\\/#primaryimage\"},\"thumbnailUrl\":\"https:\\\/\\\/indic.cat\\\/wp-content\\\/uploads\\\/2020\\\/10\\\/Captura.jpg\",\"datePublished\":\"2020-10-06T11:55:37+00:00\",\"dateModified\":\"2024-07-29T07:49:03+00:00\",\"breadcrumb\":{\"@id\":\"https:\\\/\\\/indic.cat\\\/es\\\/projecte\\\/casa-capell-de-mataro-2020\\\/#breadcrumb\"},\"inLanguage\":\"es\",\"potentialAction\":[{\"@type\":\"ReadAction\",\"target\":[\"https:\\\/\\\/indic.cat\\\/es\\\/projecte\\\/casa-capell-de-mataro-2020\\\/\"]}]},{\"@type\":\"ImageObject\",\"inLanguage\":\"es\",\"@id\":\"https:\\\/\\\/indic.cat\\\/es\\\/projecte\\\/casa-capell-de-mataro-2020\\\/#primaryimage\",\"url\":\"https:\\\/\\\/indic.cat\\\/wp-content\\\/uploads\\\/2020\\\/10\\\/Captura.jpg\",\"contentUrl\":\"https:\\\/\\\/indic.cat\\\/wp-content\\\/uploads\\\/2020\\\/10\\\/Captura.jpg\",\"width\":1033,\"height\":501,\"caption\":\"Captura\"},{\"@type\":\"BreadcrumbList\",\"@id\":\"https:\\\/\\\/indic.cat\\\/es\\\/projecte\\\/casa-capell-de-mataro-2020\\\/#breadcrumb\",\"itemListElement\":[{\"@type\":\"ListItem\",\"position\":1,\"name\":\"Inici\",\"item\":\"https:\\\/\\\/indic.cat\\\/es\\\/iniciativas-y-dinamicas-comunitarias\\\/\"},{\"@type\":\"ListItem\",\"position\":2,\"name\":\"Projectes\",\"item\":\"https:\\\/\\\/indic.cat\\\/projecte\\\/\"},{\"@type\":\"ListItem\",\"position\":3,\"name\":\"Casa Capell de Matar\u00f3 (2020)\"}]},{\"@type\":\"WebSite\",\"@id\":\"https:\\\/\\\/indic.cat\\\/#website\",\"url\":\"https:\\\/\\\/indic.cat\\\/\",\"name\":\"My CMS\",\"description\":\"Iniciatives i din\u00e0miques comunit\u00e0ries\",\"potentialAction\":[{\"@type\":\"SearchAction\",\"target\":{\"@type\":\"EntryPoint\",\"urlTemplate\":\"https:\\\/\\\/indic.cat\\\/?s={search_term_string}\"},\"query-input\":{\"@type\":\"PropertyValueSpecification\",\"valueRequired\":true,\"valueName\":\"search_term_string\"}}],\"inLanguage\":\"es\"}]}<\/script>\n<!-- \/ Yoast SEO plugin. -->","yoast_head_json":{"title":"Casa Capell de Matar\u00f3 (2020) - My CMS","robots":{"index":"index","follow":"follow","max-snippet":"max-snippet:-1","max-image-preview":"max-image-preview:large","max-video-preview":"max-video-preview:-1"},"canonical":"https:\/\/indic.cat\/es\/projecte\/casa-capell-de-mataro-2020\/","og_locale":"es_ES","og_type":"article","og_title":"Casa Capell de Matar\u00f3 (2020) - My CMS","og_description":"La Diputaci\u00f3n de Barcelona inici\u00f3 un proceso a la equipaci\u00f3n de la Casa Gorro de Matar\u00f3 con el objetivo de replantear los usos de la equipaci\u00f3n y definir un Plan Director que permitiera que Casa Gorro acontezca un centro de referencia de participaci\u00f3n y generaci\u00f3n de ideas vinculadas a temas de sostenibilidad. A lo largo [&hellip;]","og_url":"https:\/\/indic.cat\/es\/projecte\/casa-capell-de-mataro-2020\/","og_site_name":"My CMS","article_publisher":"https:\/\/www.facebook.com\/Indic-Iniciatives-i-Din%c3%a0miques-Comunit%c3%a0ries-362170033806658\/","article_modified_time":"2024-07-29T07:49:03+00:00","og_image":[{"width":1033,"height":501,"url":"https:\/\/indic.cat\/wp-content\/uploads\/2020\/10\/Captura.jpg","type":"image\/jpeg"}],"twitter_card":"summary_large_image","twitter_site":"@IndicSL","twitter_misc":{"Tiempo de lectura":"2 minutos"},"schema":{"@context":"https:\/\/schema.org","@graph":[{"@type":"WebPage","@id":"https:\/\/indic.cat\/es\/projecte\/casa-capell-de-mataro-2020\/","url":"https:\/\/indic.cat\/es\/projecte\/casa-capell-de-mataro-2020\/","name":"Casa Capell de Matar\u00f3 (2020) - My CMS","isPartOf":{"@id":"https:\/\/indic.cat\/#website"},"primaryImageOfPage":{"@id":"https:\/\/indic.cat\/es\/projecte\/casa-capell-de-mataro-2020\/#primaryimage"},"image":{"@id":"https:\/\/indic.cat\/es\/projecte\/casa-capell-de-mataro-2020\/#primaryimage"},"thumbnailUrl":"https:\/\/indic.cat\/wp-content\/uploads\/2020\/10\/Captura.jpg","datePublished":"2020-10-06T11:55:37+00:00","dateModified":"2024-07-29T07:49:03+00:00","breadcrumb":{"@id":"https:\/\/indic.cat\/es\/projecte\/casa-capell-de-mataro-2020\/#breadcrumb"},"inLanguage":"es","potentialAction":[{"@type":"ReadAction","target":["https:\/\/indic.cat\/es\/projecte\/casa-capell-de-mataro-2020\/"]}]},{"@type":"ImageObject","inLanguage":"es","@id":"https:\/\/indic.cat\/es\/projecte\/casa-capell-de-mataro-2020\/#primaryimage","url":"https:\/\/indic.cat\/wp-content\/uploads\/2020\/10\/Captura.jpg","contentUrl":"https:\/\/indic.cat\/wp-content\/uploads\/2020\/10\/Captura.jpg","width":1033,"height":501,"caption":"Captura"},{"@type":"BreadcrumbList","@id":"https:\/\/indic.cat\/es\/projecte\/casa-capell-de-mataro-2020\/#breadcrumb","itemListElement":[{"@type":"ListItem","position":1,"name":"Inici","item":"https:\/\/indic.cat\/es\/iniciativas-y-dinamicas-comunitarias\/"},{"@type":"ListItem","position":2,"name":"Projectes","item":"https:\/\/indic.cat\/projecte\/"},{"@type":"ListItem","position":3,"name":"Casa Capell de Matar\u00f3 (2020)"}]},{"@type":"WebSite","@id":"https:\/\/indic.cat\/#website","url":"https:\/\/indic.cat\/","name":"My CMS","description":"Iniciatives i din\u00e0miques comunit\u00e0ries","potentialAction":[{"@type":"SearchAction","target":{"@type":"EntryPoint","urlTemplate":"https:\/\/indic.cat\/?s={search_term_string}"},"query-input":{"@type":"PropertyValueSpecification","valueRequired":true,"valueName":"search_term_string"}}],"inLanguage":"es"}]}},"_links":{"self":[{"href":"https:\/\/indic.cat\/es\/wp-json\/wp\/v2\/projecte\/4338","targetHints":{"allow":["GET"]}}],"collection":[{"href":"https:\/\/indic.cat\/es\/wp-json\/wp\/v2\/projecte"}],"about":[{"href":"https:\/\/indic.cat\/es\/wp-json\/wp\/v2\/types\/projecte"}],"version-history":[{"count":4,"href":"https:\/\/indic.cat\/es\/wp-json\/wp\/v2\/projecte\/4338\/revisions"}],"predecessor-version":[{"id":6194,"href":"https:\/\/indic.cat\/es\/wp-json\/wp\/v2\/projecte\/4338\/revisions\/6194"}],"wp:featuredmedia":[{"embeddable":true,"href":"https:\/\/indic.cat\/es\/wp-json\/wp\/v2\/media\/3647"}],"wp:attachment":[{"href":"https:\/\/indic.cat\/es\/wp-json\/wp\/v2\/media?parent=4338"}],"wp:term":[{"taxonomy":"categoria-servei","embeddable":true,"href":"https:\/\/indic.cat\/es\/wp-json\/wp\/v2\/categoria-servei?post=4338"}],"curies":[{"name":"wp","href":"https:\/\/api.w.org\/{rel}","templated":true}]}}