{"id":4344,"date":"2020-10-05T12:55:52","date_gmt":"2020-10-05T10:55:52","guid":{"rendered":"https:\/\/indic.cat\/?post_type=projecte&#038;p=4344"},"modified":"2024-07-29T09:49:25","modified_gmt":"2024-07-29T07:49:25","slug":"urbanizacion-de-la-riera-de-alella-2018","status":"publish","type":"projecte","link":"https:\/\/indic.cat\/es\/projecte\/urbanizacion-de-la-riera-de-alella-2018\/","title":{"rendered":"Urbanizaci\u00f3n de la riera de Alella (2018)"},"content":{"rendered":"<p>El Ayuntamiento de Alella impuls\u00f3 un proceso de participaci\u00f3n entorno el proyecto de urbanizaci\u00f3n de la riera del municipio para recoger la perspectiva ciudadana entorno como ten\u00eda que ser la futura intervenci\u00f3n.<\/p>\n<p>Este proceso de participaci\u00f3n pretend\u00eda recoger informaci\u00f3n ciudadana para visibilizar el posicionamiento ciudadano en grandes temas que configuraban el proyecto, as\u00ed como tambi\u00e9n pretend\u00eda aprovechar este proceso para poner en valor espacios y din\u00e1micas existentes para establecer nuevos v\u00ednculos con el espacio en el que se quiere intervenir.<\/p>\n<p>INDIC hizo un acompa\u00f1amiento a lo largo del proceso desarrollando las siguientes tareas:<\/p>\n<p>Dinamizaci\u00f3n de sesiones de trabajo participativas con diferentes colectivos: t\u00e9cnicos y t\u00e9cnicas municipales, gente mayor, mujeres, alumnas de 5.\u00ba y 6.\u00ba de primaria, j\u00f3venes y adolescentes y una sesi\u00f3n abierta a toda la ciudadan\u00eda.<br \/>\nActividades con las escuelas para recoger la voz de los ni\u00f1os.<br \/>\nL\u00ednea del tiempo para conocer la historia de la riera.<\/p>\n","protected":false},"excerpt":{"rendered":"<p>El Ayuntamiento de Alella impuls\u00f3 un proceso de participaci\u00f3n entorno el proyecto de urbanizaci\u00f3n de la riera del municipio para recoger la perspectiva ciudadana entorno como ten\u00eda que ser la futura intervenci\u00f3n. Este proceso de participaci\u00f3n pretend\u00eda recoger informaci\u00f3n ciudadana para visibilizar el posicionamiento ciudadano en grandes temas que configuraban el proyecto, as\u00ed como tambi\u00e9n [&hellip;]<\/p>\n","protected":false},"featured_media":3578,"menu_order":0,"template":"","meta":{"_acf_changed":false,"footnotes":""},"categoria-servei":[],"class_list":["post-4344","projecte","type-projecte","status-publish","has-post-thumbnail","hentry"],"acf":[],"yoast_head":"<!-- This site is optimized with the Yoast SEO plugin v27.4 - https:\/\/yoast.com\/product\/yoast-seo-wordpress\/ -->\n<title>Urbanizaci\u00f3n de la riera de Alella (2018) - My CMS<\/title>\n<meta name=\"robots\" content=\"index, follow, max-snippet:-1, max-image-preview:large, max-video-preview:-1\" \/>\n<link rel=\"canonical\" href=\"https:\/\/indic.cat\/es\/projecte\/urbanizacion-de-la-riera-de-alella-2018\/\" \/>\n<meta property=\"og:locale\" content=\"es_ES\" \/>\n<meta property=\"og:type\" content=\"article\" \/>\n<meta property=\"og:title\" content=\"Urbanizaci\u00f3n de la riera de Alella (2018) - My CMS\" \/>\n<meta property=\"og:description\" content=\"El Ayuntamiento de Alella impuls\u00f3 un proceso de participaci\u00f3n entorno el proyecto de urbanizaci\u00f3n de la riera del municipio para recoger la perspectiva ciudadana entorno como ten\u00eda que ser la futura intervenci\u00f3n. Este proceso de participaci\u00f3n pretend\u00eda recoger informaci\u00f3n ciudadana para visibilizar el posicionamiento ciudadano en grandes temas que configuraban el proyecto, as\u00ed como tambi\u00e9n [&hellip;]\" \/>\n<meta property=\"og:url\" content=\"https:\/\/indic.cat\/es\/projecte\/urbanizacion-de-la-riera-de-alella-2018\/\" \/>\n<meta property=\"og:site_name\" content=\"My CMS\" \/>\n<meta property=\"article:publisher\" content=\"https:\/\/www.facebook.com\/Indic-Iniciatives-i-Din%c3%a0miques-Comunit%c3%a0ries-362170033806658\/\" \/>\n<meta property=\"article:modified_time\" content=\"2024-07-29T07:49:25+00:00\" \/>\n<meta property=\"og:image\" content=\"https:\/\/indic.cat\/wp-content\/uploads\/2020\/10\/t.poble-riera-1-scaled.jpg\" \/>\n\t<meta property=\"og:image:width\" content=\"2560\" \/>\n\t<meta property=\"og:image:height\" content=\"1920\" \/>\n\t<meta property=\"og:image:type\" content=\"image\/jpeg\" \/>\n<meta name=\"twitter:card\" content=\"summary_large_image\" \/>\n<meta name=\"twitter:site\" content=\"@IndicSL\" \/>\n<meta name=\"twitter:label1\" content=\"Tiempo de lectura\" \/>\n\t<meta name=\"twitter:data1\" content=\"2 minutos\" \/>\n<script type=\"application\/ld+json\" class=\"yoast-schema-graph\">{\"@context\":\"https:\\\/\\\/schema.org\",\"@graph\":[{\"@type\":\"WebPage\",\"@id\":\"https:\\\/\\\/indic.cat\\\/es\\\/projecte\\\/urbanizacion-de-la-riera-de-alella-2018\\\/\",\"url\":\"https:\\\/\\\/indic.cat\\\/es\\\/projecte\\\/urbanizacion-de-la-riera-de-alella-2018\\\/\",\"name\":\"Urbanizaci\u00f3n de la riera de Alella (2018) - My CMS\",\"isPartOf\":{\"@id\":\"https:\\\/\\\/indic.cat\\\/#website\"},\"primaryImageOfPage\":{\"@id\":\"https:\\\/\\\/indic.cat\\\/es\\\/projecte\\\/urbanizacion-de-la-riera-de-alella-2018\\\/#primaryimage\"},\"image\":{\"@id\":\"https:\\\/\\\/indic.cat\\\/es\\\/projecte\\\/urbanizacion-de-la-riera-de-alella-2018\\\/#primaryimage\"},\"thumbnailUrl\":\"https:\\\/\\\/indic.cat\\\/wp-content\\\/uploads\\\/2020\\\/10\\\/t.poble-riera-1-scaled.jpg\",\"datePublished\":\"2020-10-05T10:55:52+00:00\",\"dateModified\":\"2024-07-29T07:49:25+00:00\",\"breadcrumb\":{\"@id\":\"https:\\\/\\\/indic.cat\\\/es\\\/projecte\\\/urbanizacion-de-la-riera-de-alella-2018\\\/#breadcrumb\"},\"inLanguage\":\"es\",\"potentialAction\":[{\"@type\":\"ReadAction\",\"target\":[\"https:\\\/\\\/indic.cat\\\/es\\\/projecte\\\/urbanizacion-de-la-riera-de-alella-2018\\\/\"]}]},{\"@type\":\"ImageObject\",\"inLanguage\":\"es\",\"@id\":\"https:\\\/\\\/indic.cat\\\/es\\\/projecte\\\/urbanizacion-de-la-riera-de-alella-2018\\\/#primaryimage\",\"url\":\"https:\\\/\\\/indic.cat\\\/wp-content\\\/uploads\\\/2020\\\/10\\\/t.poble-riera-1-scaled.jpg\",\"contentUrl\":\"https:\\\/\\\/indic.cat\\\/wp-content\\\/uploads\\\/2020\\\/10\\\/t.poble-riera-1-scaled.jpg\",\"width\":2560,\"height\":1920,\"caption\":\"bty\"},{\"@type\":\"BreadcrumbList\",\"@id\":\"https:\\\/\\\/indic.cat\\\/es\\\/projecte\\\/urbanizacion-de-la-riera-de-alella-2018\\\/#breadcrumb\",\"itemListElement\":[{\"@type\":\"ListItem\",\"position\":1,\"name\":\"Inici\",\"item\":\"https:\\\/\\\/indic.cat\\\/es\\\/iniciativas-y-dinamicas-comunitarias\\\/\"},{\"@type\":\"ListItem\",\"position\":2,\"name\":\"Projectes\",\"item\":\"https:\\\/\\\/indic.cat\\\/projecte\\\/\"},{\"@type\":\"ListItem\",\"position\":3,\"name\":\"Urbanizaci\u00f3n de la riera de Alella (2018)\"}]},{\"@type\":\"WebSite\",\"@id\":\"https:\\\/\\\/indic.cat\\\/#website\",\"url\":\"https:\\\/\\\/indic.cat\\\/\",\"name\":\"My CMS\",\"description\":\"Iniciatives i din\u00e0miques comunit\u00e0ries\",\"potentialAction\":[{\"@type\":\"SearchAction\",\"target\":{\"@type\":\"EntryPoint\",\"urlTemplate\":\"https:\\\/\\\/indic.cat\\\/?s={search_term_string}\"},\"query-input\":{\"@type\":\"PropertyValueSpecification\",\"valueRequired\":true,\"valueName\":\"search_term_string\"}}],\"inLanguage\":\"es\"}]}<\/script>\n<!-- \/ Yoast SEO plugin. -->","yoast_head_json":{"title":"Urbanizaci\u00f3n de la riera de Alella (2018) - My CMS","robots":{"index":"index","follow":"follow","max-snippet":"max-snippet:-1","max-image-preview":"max-image-preview:large","max-video-preview":"max-video-preview:-1"},"canonical":"https:\/\/indic.cat\/es\/projecte\/urbanizacion-de-la-riera-de-alella-2018\/","og_locale":"es_ES","og_type":"article","og_title":"Urbanizaci\u00f3n de la riera de Alella (2018) - My CMS","og_description":"El Ayuntamiento de Alella impuls\u00f3 un proceso de participaci\u00f3n entorno el proyecto de urbanizaci\u00f3n de la riera del municipio para recoger la perspectiva ciudadana entorno como ten\u00eda que ser la futura intervenci\u00f3n. Este proceso de participaci\u00f3n pretend\u00eda recoger informaci\u00f3n ciudadana para visibilizar el posicionamiento ciudadano en grandes temas que configuraban el proyecto, as\u00ed como tambi\u00e9n [&hellip;]","og_url":"https:\/\/indic.cat\/es\/projecte\/urbanizacion-de-la-riera-de-alella-2018\/","og_site_name":"My CMS","article_publisher":"https:\/\/www.facebook.com\/Indic-Iniciatives-i-Din%c3%a0miques-Comunit%c3%a0ries-362170033806658\/","article_modified_time":"2024-07-29T07:49:25+00:00","og_image":[{"width":2560,"height":1920,"url":"https:\/\/indic.cat\/wp-content\/uploads\/2020\/10\/t.poble-riera-1-scaled.jpg","type":"image\/jpeg"}],"twitter_card":"summary_large_image","twitter_site":"@IndicSL","twitter_misc":{"Tiempo de lectura":"2 minutos"},"schema":{"@context":"https:\/\/schema.org","@graph":[{"@type":"WebPage","@id":"https:\/\/indic.cat\/es\/projecte\/urbanizacion-de-la-riera-de-alella-2018\/","url":"https:\/\/indic.cat\/es\/projecte\/urbanizacion-de-la-riera-de-alella-2018\/","name":"Urbanizaci\u00f3n de la riera de Alella (2018) - My CMS","isPartOf":{"@id":"https:\/\/indic.cat\/#website"},"primaryImageOfPage":{"@id":"https:\/\/indic.cat\/es\/projecte\/urbanizacion-de-la-riera-de-alella-2018\/#primaryimage"},"image":{"@id":"https:\/\/indic.cat\/es\/projecte\/urbanizacion-de-la-riera-de-alella-2018\/#primaryimage"},"thumbnailUrl":"https:\/\/indic.cat\/wp-content\/uploads\/2020\/10\/t.poble-riera-1-scaled.jpg","datePublished":"2020-10-05T10:55:52+00:00","dateModified":"2024-07-29T07:49:25+00:00","breadcrumb":{"@id":"https:\/\/indic.cat\/es\/projecte\/urbanizacion-de-la-riera-de-alella-2018\/#breadcrumb"},"inLanguage":"es","potentialAction":[{"@type":"ReadAction","target":["https:\/\/indic.cat\/es\/projecte\/urbanizacion-de-la-riera-de-alella-2018\/"]}]},{"@type":"ImageObject","inLanguage":"es","@id":"https:\/\/indic.cat\/es\/projecte\/urbanizacion-de-la-riera-de-alella-2018\/#primaryimage","url":"https:\/\/indic.cat\/wp-content\/uploads\/2020\/10\/t.poble-riera-1-scaled.jpg","contentUrl":"https:\/\/indic.cat\/wp-content\/uploads\/2020\/10\/t.poble-riera-1-scaled.jpg","width":2560,"height":1920,"caption":"bty"},{"@type":"BreadcrumbList","@id":"https:\/\/indic.cat\/es\/projecte\/urbanizacion-de-la-riera-de-alella-2018\/#breadcrumb","itemListElement":[{"@type":"ListItem","position":1,"name":"Inici","item":"https:\/\/indic.cat\/es\/iniciativas-y-dinamicas-comunitarias\/"},{"@type":"ListItem","position":2,"name":"Projectes","item":"https:\/\/indic.cat\/projecte\/"},{"@type":"ListItem","position":3,"name":"Urbanizaci\u00f3n de la riera de Alella (2018)"}]},{"@type":"WebSite","@id":"https:\/\/indic.cat\/#website","url":"https:\/\/indic.cat\/","name":"My CMS","description":"Iniciatives i din\u00e0miques comunit\u00e0ries","potentialAction":[{"@type":"SearchAction","target":{"@type":"EntryPoint","urlTemplate":"https:\/\/indic.cat\/?s={search_term_string}"},"query-input":{"@type":"PropertyValueSpecification","valueRequired":true,"valueName":"search_term_string"}}],"inLanguage":"es"}]}},"_links":{"self":[{"href":"https:\/\/indic.cat\/es\/wp-json\/wp\/v2\/projecte\/4344","targetHints":{"allow":["GET"]}}],"collection":[{"href":"https:\/\/indic.cat\/es\/wp-json\/wp\/v2\/projecte"}],"about":[{"href":"https:\/\/indic.cat\/es\/wp-json\/wp\/v2\/types\/projecte"}],"version-history":[{"count":3,"href":"https:\/\/indic.cat\/es\/wp-json\/wp\/v2\/projecte\/4344\/revisions"}],"predecessor-version":[{"id":6195,"href":"https:\/\/indic.cat\/es\/wp-json\/wp\/v2\/projecte\/4344\/revisions\/6195"}],"wp:featuredmedia":[{"embeddable":true,"href":"https:\/\/indic.cat\/es\/wp-json\/wp\/v2\/media\/3578"}],"wp:attachment":[{"href":"https:\/\/indic.cat\/es\/wp-json\/wp\/v2\/media?parent=4344"}],"wp:term":[{"taxonomy":"categoria-servei","embeddable":true,"href":"https:\/\/indic.cat\/es\/wp-json\/wp\/v2\/categoria-servei?post=4344"}],"curies":[{"name":"wp","href":"https:\/\/api.w.org\/{rel}","templated":true}]}}