{"id":4363,"date":"2024-01-16T11:12:11","date_gmt":"2024-01-16T09:12:11","guid":{"rendered":"https:\/\/indic.cat\/?post_type=projecte&#038;p=4363"},"modified":"2024-01-16T11:12:11","modified_gmt":"2024-01-16T09:12:11","slug":"curso-de-herramientas-para-dinamizar-procesos-participativos-en-el-ambito-educativo-2018","status":"publish","type":"projecte","link":"https:\/\/indic.cat\/es\/projecte\/curso-de-herramientas-para-dinamizar-procesos-participativos-en-el-ambito-educativo-2018\/","title":{"rendered":"Curso de Herramientas para dinamizar procesos participativos en el \u00e1mbito educativo (2018)"},"content":{"rendered":"<p>EL \u00c1rea de Educaci\u00f3n de la Diputaci\u00f3n de Barcelona nos encarg\u00f3 un curso pr\u00e1ctico sobre Herramientas para dinamizar procesos de participaci\u00f3n en el \u00e1mbito educativo. El curso de 20 horas se dirig\u00eda a t\u00e9cnicos municipales y ten\u00eda por objetivo:<\/p>\n<p>Considerar la participaci\u00f3n como herramienta para desarrollar proyectos en el \u00e1mbito educativo.<br \/>\nIdentificar las habilidades para dinamizar y liderar procesos participativos en el \u00e1mbito educativo.<br \/>\nConocer herramientas para dinamizar procesos participativos.<br \/>\nAplicar algunas de estas herramientas de dinamizaci\u00f3n de procesos participativos<\/p>\n<p>Contenidos:<\/p>\n<p>Los procesos participativos al \u00e1mbito educativo<br \/>\nHerramientas y t\u00e9cnicas para dinamizar procesos<br \/>\nEl papel del facilitador de procesos de participaci\u00f3n<br \/>\nLa creatividad en los procesos de participaci\u00f3n<\/p>\n","protected":false},"excerpt":{"rendered":"<p>EL \u00c1rea de Educaci\u00f3n de la Diputaci\u00f3n de Barcelona nos encarg\u00f3 un curso pr\u00e1ctico sobre Herramientas para dinamizar procesos de participaci\u00f3n en el \u00e1mbito educativo. El curso de 20 horas se dirig\u00eda a t\u00e9cnicos municipales y ten\u00eda por objetivo: Considerar la participaci\u00f3n como herramienta para desarrollar proyectos en el \u00e1mbito educativo. Identificar las habilidades para [&hellip;]<\/p>\n","protected":false},"featured_media":3324,"menu_order":0,"template":"","meta":{"_acf_changed":false,"footnotes":""},"categoria-servei":[22],"class_list":["post-4363","projecte","type-projecte","status-publish","has-post-thumbnail","hentry","categoria-servei-formacion-en-participacion"],"acf":[],"yoast_head":"<!-- This site is optimized with the Yoast SEO plugin v27.5 - https:\/\/yoast.com\/product\/yoast-seo-wordpress\/ -->\n<title>Curso de Herramientas para dinamizar procesos participativos en el \u00e1mbito educativo (2018) - My CMS<\/title>\n<meta name=\"robots\" content=\"index, follow, max-snippet:-1, max-image-preview:large, max-video-preview:-1\" \/>\n<link rel=\"canonical\" href=\"https:\/\/indic.cat\/es\/projecte\/curso-de-herramientas-para-dinamizar-procesos-participativos-en-el-ambito-educativo-2018\/\" \/>\n<meta property=\"og:locale\" content=\"es_ES\" \/>\n<meta property=\"og:type\" content=\"article\" \/>\n<meta property=\"og:title\" content=\"Curso de Herramientas para dinamizar procesos participativos en el \u00e1mbito educativo (2018) - My CMS\" \/>\n<meta property=\"og:description\" content=\"EL \u00c1rea de Educaci\u00f3n de la Diputaci\u00f3n de Barcelona nos encarg\u00f3 un curso pr\u00e1ctico sobre Herramientas para dinamizar procesos de participaci\u00f3n en el \u00e1mbito educativo. El curso de 20 horas se dirig\u00eda a t\u00e9cnicos municipales y ten\u00eda por objetivo: Considerar la participaci\u00f3n como herramienta para desarrollar proyectos en el \u00e1mbito educativo. Identificar las habilidades para [&hellip;]\" \/>\n<meta property=\"og:url\" content=\"https:\/\/indic.cat\/es\/projecte\/curso-de-herramientas-para-dinamizar-procesos-participativos-en-el-ambito-educativo-2018\/\" \/>\n<meta property=\"og:site_name\" content=\"My CMS\" \/>\n<meta property=\"article:publisher\" content=\"https:\/\/www.facebook.com\/Indic-Iniciatives-i-Din%c3%a0miques-Comunit%c3%a0ries-362170033806658\/\" \/>\n<meta property=\"og:image\" content=\"https:\/\/indic.cat\/wp-content\/uploads\/2019\/04\/IMG_20181106_125108-e1554977962587.jpg\" \/>\n\t<meta property=\"og:image:width\" content=\"737\" \/>\n\t<meta property=\"og:image:height\" content=\"553\" \/>\n\t<meta property=\"og:image:type\" content=\"image\/jpeg\" \/>\n<meta name=\"twitter:card\" content=\"summary_large_image\" \/>\n<meta name=\"twitter:site\" content=\"@IndicSL\" \/>\n<meta name=\"twitter:label1\" content=\"Tiempo de lectura\" \/>\n\t<meta name=\"twitter:data1\" content=\"1 minuto\" \/>\n<script type=\"application\/ld+json\" class=\"yoast-schema-graph\">{\"@context\":\"https:\\\/\\\/schema.org\",\"@graph\":[{\"@type\":\"WebPage\",\"@id\":\"https:\\\/\\\/indic.cat\\\/es\\\/projecte\\\/curso-de-herramientas-para-dinamizar-procesos-participativos-en-el-ambito-educativo-2018\\\/\",\"url\":\"https:\\\/\\\/indic.cat\\\/es\\\/projecte\\\/curso-de-herramientas-para-dinamizar-procesos-participativos-en-el-ambito-educativo-2018\\\/\",\"name\":\"Curso de Herramientas para dinamizar procesos participativos en el \u00e1mbito educativo (2018) - My CMS\",\"isPartOf\":{\"@id\":\"https:\\\/\\\/indic.cat\\\/#website\"},\"primaryImageOfPage\":{\"@id\":\"https:\\\/\\\/indic.cat\\\/es\\\/projecte\\\/curso-de-herramientas-para-dinamizar-procesos-participativos-en-el-ambito-educativo-2018\\\/#primaryimage\"},\"image\":{\"@id\":\"https:\\\/\\\/indic.cat\\\/es\\\/projecte\\\/curso-de-herramientas-para-dinamizar-procesos-participativos-en-el-ambito-educativo-2018\\\/#primaryimage\"},\"thumbnailUrl\":\"https:\\\/\\\/indic.cat\\\/wp-content\\\/uploads\\\/2019\\\/04\\\/IMG_20181106_125108-e1554977962587.jpg\",\"datePublished\":\"2024-01-16T09:12:11+00:00\",\"breadcrumb\":{\"@id\":\"https:\\\/\\\/indic.cat\\\/es\\\/projecte\\\/curso-de-herramientas-para-dinamizar-procesos-participativos-en-el-ambito-educativo-2018\\\/#breadcrumb\"},\"inLanguage\":\"es\",\"potentialAction\":[{\"@type\":\"ReadAction\",\"target\":[\"https:\\\/\\\/indic.cat\\\/es\\\/projecte\\\/curso-de-herramientas-para-dinamizar-procesos-participativos-en-el-ambito-educativo-2018\\\/\"]}]},{\"@type\":\"ImageObject\",\"inLanguage\":\"es\",\"@id\":\"https:\\\/\\\/indic.cat\\\/es\\\/projecte\\\/curso-de-herramientas-para-dinamizar-procesos-participativos-en-el-ambito-educativo-2018\\\/#primaryimage\",\"url\":\"https:\\\/\\\/indic.cat\\\/wp-content\\\/uploads\\\/2019\\\/04\\\/IMG_20181106_125108-e1554977962587.jpg\",\"contentUrl\":\"https:\\\/\\\/indic.cat\\\/wp-content\\\/uploads\\\/2019\\\/04\\\/IMG_20181106_125108-e1554977962587.jpg\",\"width\":737,\"height\":553,\"caption\":\"bty\"},{\"@type\":\"BreadcrumbList\",\"@id\":\"https:\\\/\\\/indic.cat\\\/es\\\/projecte\\\/curso-de-herramientas-para-dinamizar-procesos-participativos-en-el-ambito-educativo-2018\\\/#breadcrumb\",\"itemListElement\":[{\"@type\":\"ListItem\",\"position\":1,\"name\":\"Inici\",\"item\":\"https:\\\/\\\/indic.cat\\\/es\\\/iniciativas-y-dinamicas-comunitarias\\\/\"},{\"@type\":\"ListItem\",\"position\":2,\"name\":\"Projectes\",\"item\":\"https:\\\/\\\/indic.cat\\\/projecte\\\/\"},{\"@type\":\"ListItem\",\"position\":3,\"name\":\"Curso de Herramientas para dinamizar procesos participativos en el \u00e1mbito educativo (2018)\"}]},{\"@type\":\"WebSite\",\"@id\":\"https:\\\/\\\/indic.cat\\\/#website\",\"url\":\"https:\\\/\\\/indic.cat\\\/\",\"name\":\"My CMS\",\"description\":\"Iniciatives i din\u00e0miques comunit\u00e0ries\",\"potentialAction\":[{\"@type\":\"SearchAction\",\"target\":{\"@type\":\"EntryPoint\",\"urlTemplate\":\"https:\\\/\\\/indic.cat\\\/?s={search_term_string}\"},\"query-input\":{\"@type\":\"PropertyValueSpecification\",\"valueRequired\":true,\"valueName\":\"search_term_string\"}}],\"inLanguage\":\"es\"}]}<\/script>\n<!-- \/ Yoast SEO plugin. -->","yoast_head_json":{"title":"Curso de Herramientas para dinamizar procesos participativos en el \u00e1mbito educativo (2018) - My CMS","robots":{"index":"index","follow":"follow","max-snippet":"max-snippet:-1","max-image-preview":"max-image-preview:large","max-video-preview":"max-video-preview:-1"},"canonical":"https:\/\/indic.cat\/es\/projecte\/curso-de-herramientas-para-dinamizar-procesos-participativos-en-el-ambito-educativo-2018\/","og_locale":"es_ES","og_type":"article","og_title":"Curso de Herramientas para dinamizar procesos participativos en el \u00e1mbito educativo (2018) - My CMS","og_description":"EL \u00c1rea de Educaci\u00f3n de la Diputaci\u00f3n de Barcelona nos encarg\u00f3 un curso pr\u00e1ctico sobre Herramientas para dinamizar procesos de participaci\u00f3n en el \u00e1mbito educativo. El curso de 20 horas se dirig\u00eda a t\u00e9cnicos municipales y ten\u00eda por objetivo: Considerar la participaci\u00f3n como herramienta para desarrollar proyectos en el \u00e1mbito educativo. Identificar las habilidades para [&hellip;]","og_url":"https:\/\/indic.cat\/es\/projecte\/curso-de-herramientas-para-dinamizar-procesos-participativos-en-el-ambito-educativo-2018\/","og_site_name":"My CMS","article_publisher":"https:\/\/www.facebook.com\/Indic-Iniciatives-i-Din%c3%a0miques-Comunit%c3%a0ries-362170033806658\/","og_image":[{"width":737,"height":553,"url":"https:\/\/indic.cat\/wp-content\/uploads\/2019\/04\/IMG_20181106_125108-e1554977962587.jpg","type":"image\/jpeg"}],"twitter_card":"summary_large_image","twitter_site":"@IndicSL","twitter_misc":{"Tiempo de lectura":"1 minuto"},"schema":{"@context":"https:\/\/schema.org","@graph":[{"@type":"WebPage","@id":"https:\/\/indic.cat\/es\/projecte\/curso-de-herramientas-para-dinamizar-procesos-participativos-en-el-ambito-educativo-2018\/","url":"https:\/\/indic.cat\/es\/projecte\/curso-de-herramientas-para-dinamizar-procesos-participativos-en-el-ambito-educativo-2018\/","name":"Curso de Herramientas para dinamizar procesos participativos en el \u00e1mbito educativo (2018) - My CMS","isPartOf":{"@id":"https:\/\/indic.cat\/#website"},"primaryImageOfPage":{"@id":"https:\/\/indic.cat\/es\/projecte\/curso-de-herramientas-para-dinamizar-procesos-participativos-en-el-ambito-educativo-2018\/#primaryimage"},"image":{"@id":"https:\/\/indic.cat\/es\/projecte\/curso-de-herramientas-para-dinamizar-procesos-participativos-en-el-ambito-educativo-2018\/#primaryimage"},"thumbnailUrl":"https:\/\/indic.cat\/wp-content\/uploads\/2019\/04\/IMG_20181106_125108-e1554977962587.jpg","datePublished":"2024-01-16T09:12:11+00:00","breadcrumb":{"@id":"https:\/\/indic.cat\/es\/projecte\/curso-de-herramientas-para-dinamizar-procesos-participativos-en-el-ambito-educativo-2018\/#breadcrumb"},"inLanguage":"es","potentialAction":[{"@type":"ReadAction","target":["https:\/\/indic.cat\/es\/projecte\/curso-de-herramientas-para-dinamizar-procesos-participativos-en-el-ambito-educativo-2018\/"]}]},{"@type":"ImageObject","inLanguage":"es","@id":"https:\/\/indic.cat\/es\/projecte\/curso-de-herramientas-para-dinamizar-procesos-participativos-en-el-ambito-educativo-2018\/#primaryimage","url":"https:\/\/indic.cat\/wp-content\/uploads\/2019\/04\/IMG_20181106_125108-e1554977962587.jpg","contentUrl":"https:\/\/indic.cat\/wp-content\/uploads\/2019\/04\/IMG_20181106_125108-e1554977962587.jpg","width":737,"height":553,"caption":"bty"},{"@type":"BreadcrumbList","@id":"https:\/\/indic.cat\/es\/projecte\/curso-de-herramientas-para-dinamizar-procesos-participativos-en-el-ambito-educativo-2018\/#breadcrumb","itemListElement":[{"@type":"ListItem","position":1,"name":"Inici","item":"https:\/\/indic.cat\/es\/iniciativas-y-dinamicas-comunitarias\/"},{"@type":"ListItem","position":2,"name":"Projectes","item":"https:\/\/indic.cat\/projecte\/"},{"@type":"ListItem","position":3,"name":"Curso de Herramientas para dinamizar procesos participativos en el \u00e1mbito educativo (2018)"}]},{"@type":"WebSite","@id":"https:\/\/indic.cat\/#website","url":"https:\/\/indic.cat\/","name":"My CMS","description":"Iniciatives i din\u00e0miques comunit\u00e0ries","potentialAction":[{"@type":"SearchAction","target":{"@type":"EntryPoint","urlTemplate":"https:\/\/indic.cat\/?s={search_term_string}"},"query-input":{"@type":"PropertyValueSpecification","valueRequired":true,"valueName":"search_term_string"}}],"inLanguage":"es"}]}},"_links":{"self":[{"href":"https:\/\/indic.cat\/es\/wp-json\/wp\/v2\/projecte\/4363","targetHints":{"allow":["GET"]}}],"collection":[{"href":"https:\/\/indic.cat\/es\/wp-json\/wp\/v2\/projecte"}],"about":[{"href":"https:\/\/indic.cat\/es\/wp-json\/wp\/v2\/types\/projecte"}],"version-history":[{"count":1,"href":"https:\/\/indic.cat\/es\/wp-json\/wp\/v2\/projecte\/4363\/revisions"}],"predecessor-version":[{"id":4364,"href":"https:\/\/indic.cat\/es\/wp-json\/wp\/v2\/projecte\/4363\/revisions\/4364"}],"wp:featuredmedia":[{"embeddable":true,"href":"https:\/\/indic.cat\/es\/wp-json\/wp\/v2\/media\/3324"}],"wp:attachment":[{"href":"https:\/\/indic.cat\/es\/wp-json\/wp\/v2\/media?parent=4363"}],"wp:term":[{"taxonomy":"categoria-servei","embeddable":true,"href":"https:\/\/indic.cat\/es\/wp-json\/wp\/v2\/categoria-servei?post=4363"}],"curies":[{"name":"wp","href":"https:\/\/api.w.org\/{rel}","templated":true}]}}