{"id":4371,"date":"2024-01-16T11:22:12","date_gmt":"2024-01-16T09:22:12","guid":{"rendered":"https:\/\/indic.cat\/?post_type=projecte&#038;p=4371"},"modified":"2024-01-16T11:22:12","modified_gmt":"2024-01-16T09:22:12","slug":"plan-de-movilidad-urbana-sostenible-de-mollet-del-valles-2013","status":"publish","type":"projecte","link":"https:\/\/indic.cat\/es\/projecte\/plan-de-movilidad-urbana-sostenible-de-mollet-del-valles-2013\/","title":{"rendered":"Plan de movilidad urbana sostenible de Mollet del Vall\u00e8s (2013)"},"content":{"rendered":"<p>L&#8217;any 2013, l\u2019Ajuntament de Mollet del Vall\u00e8s va elaborar, amb el suport de la Diputaci\u00f3 de Barcelona, el Pla de Mobilitat Urbana (PMUS) del municipi.<\/p>\n<p>En aquest projecte es va canalitzar la participaci\u00f3 principalment a trav\u00e9s de la<strong> Taula de Mobilitat<\/strong> del municipi i es va ampliar amb uns<strong> itineraris oberts pel municipi<\/strong>\u00a0amb tres itineraris:<\/p>\n<p><strong>Mou-te per Mollet sense barreres<\/strong>. Aquest itinerari estava pensat per persones grans o amb mobilitat redu\u00efda. Vam fer una passejada per la ciutat des de la perspectiva de les persones grans o persones que tenen una mobilitat redu\u00efda, per detectar els punts cr\u00edtics, les barreres arquitect\u00f2niques o els elements que dificulten la seva mobilitat.<\/p>\n<p><strong>Mou-te per Mollet amb mirada de dona<\/strong>. Vam fer una passejada per la ciutat amb ulls de dona, intentant copsar els trets diferencials que poden haver en l\u2019\u00fas de l\u2019espai p\u00fablic i en la manera de moure\u2019s per la ciutat.<\/p>\n<p><strong>Mou-te per Mollet amb bicicleta.<\/strong> Vam fer una passejada en bicicleta per la ciutat per analitzar les dificultats i oportunitat que t\u00e9 Mollet per moure\u2019s en aquest mitj\u00e0.<\/p>\n","protected":false},"excerpt":{"rendered":"<p>L&#8217;any 2013, l\u2019Ajuntament de Mollet del Vall\u00e8s va elaborar, amb el suport de la Diputaci\u00f3 de Barcelona, el Pla de Mobilitat Urbana (PMUS) del municipi. En aquest projecte es va canalitzar la participaci\u00f3 principalment a trav\u00e9s de la Taula de Mobilitat del municipi i es va ampliar amb uns itineraris oberts pel municipi\u00a0amb tres itineraris: [&hellip;]<\/p>\n","protected":false},"featured_media":1422,"menu_order":0,"template":"","meta":{"_acf_changed":false,"footnotes":""},"categoria-servei":[19],"class_list":["post-4371","projecte","type-projecte","status-publish","has-post-thumbnail","hentry","categoria-servei-consultoria-participacion"],"acf":[],"yoast_head":"<!-- This site is optimized with the Yoast SEO plugin v27.4 - https:\/\/yoast.com\/product\/yoast-seo-wordpress\/ -->\n<title>Plan de movilidad urbana sostenible de Mollet del Vall\u00e8s (2013) - My CMS<\/title>\n<meta name=\"robots\" content=\"index, follow, max-snippet:-1, max-image-preview:large, max-video-preview:-1\" \/>\n<link rel=\"canonical\" href=\"https:\/\/indic.cat\/es\/projecte\/plan-de-movilidad-urbana-sostenible-de-mollet-del-valles-2013\/\" \/>\n<meta property=\"og:locale\" content=\"es_ES\" \/>\n<meta property=\"og:type\" content=\"article\" \/>\n<meta property=\"og:title\" content=\"Plan de movilidad urbana sostenible de Mollet del Vall\u00e8s (2013) - My CMS\" \/>\n<meta property=\"og:description\" content=\"L&#8217;any 2013, l\u2019Ajuntament de Mollet del Vall\u00e8s va elaborar, amb el suport de la Diputaci\u00f3 de Barcelona, el Pla de Mobilitat Urbana (PMUS) del municipi. En aquest projecte es va canalitzar la participaci\u00f3 principalment a trav\u00e9s de la Taula de Mobilitat del municipi i es va ampliar amb uns itineraris oberts pel municipi\u00a0amb tres itineraris: [&hellip;]\" \/>\n<meta property=\"og:url\" content=\"https:\/\/indic.cat\/es\/projecte\/plan-de-movilidad-urbana-sostenible-de-mollet-del-valles-2013\/\" \/>\n<meta property=\"og:site_name\" content=\"My CMS\" \/>\n<meta property=\"article:publisher\" content=\"https:\/\/www.facebook.com\/Indic-Iniciatives-i-Din%c3%a0miques-Comunit%c3%a0ries-362170033806658\/\" \/>\n<meta property=\"og:image\" content=\"https:\/\/indic.cat\/wp-content\/uploads\/2017\/08\/P1030465-e1503389140554.jpg\" \/>\n\t<meta property=\"og:image:width\" content=\"737\" \/>\n\t<meta property=\"og:image:height\" content=\"553\" \/>\n\t<meta property=\"og:image:type\" content=\"image\/jpeg\" \/>\n<meta name=\"twitter:card\" content=\"summary_large_image\" \/>\n<meta name=\"twitter:site\" content=\"@IndicSL\" \/>\n<meta name=\"twitter:label1\" content=\"Tiempo de lectura\" \/>\n\t<meta name=\"twitter:data1\" content=\"1 minuto\" \/>\n<script type=\"application\/ld+json\" class=\"yoast-schema-graph\">{\"@context\":\"https:\\\/\\\/schema.org\",\"@graph\":[{\"@type\":\"WebPage\",\"@id\":\"https:\\\/\\\/indic.cat\\\/es\\\/projecte\\\/plan-de-movilidad-urbana-sostenible-de-mollet-del-valles-2013\\\/\",\"url\":\"https:\\\/\\\/indic.cat\\\/es\\\/projecte\\\/plan-de-movilidad-urbana-sostenible-de-mollet-del-valles-2013\\\/\",\"name\":\"Plan de movilidad urbana sostenible de Mollet del Vall\u00e8s (2013) - My CMS\",\"isPartOf\":{\"@id\":\"https:\\\/\\\/indic.cat\\\/#website\"},\"primaryImageOfPage\":{\"@id\":\"https:\\\/\\\/indic.cat\\\/es\\\/projecte\\\/plan-de-movilidad-urbana-sostenible-de-mollet-del-valles-2013\\\/#primaryimage\"},\"image\":{\"@id\":\"https:\\\/\\\/indic.cat\\\/es\\\/projecte\\\/plan-de-movilidad-urbana-sostenible-de-mollet-del-valles-2013\\\/#primaryimage\"},\"thumbnailUrl\":\"https:\\\/\\\/indic.cat\\\/wp-content\\\/uploads\\\/2017\\\/08\\\/P1030465-e1503389140554.jpg\",\"datePublished\":\"2024-01-16T09:22:12+00:00\",\"breadcrumb\":{\"@id\":\"https:\\\/\\\/indic.cat\\\/es\\\/projecte\\\/plan-de-movilidad-urbana-sostenible-de-mollet-del-valles-2013\\\/#breadcrumb\"},\"inLanguage\":\"es\",\"potentialAction\":[{\"@type\":\"ReadAction\",\"target\":[\"https:\\\/\\\/indic.cat\\\/es\\\/projecte\\\/plan-de-movilidad-urbana-sostenible-de-mollet-del-valles-2013\\\/\"]}]},{\"@type\":\"ImageObject\",\"inLanguage\":\"es\",\"@id\":\"https:\\\/\\\/indic.cat\\\/es\\\/projecte\\\/plan-de-movilidad-urbana-sostenible-de-mollet-del-valles-2013\\\/#primaryimage\",\"url\":\"https:\\\/\\\/indic.cat\\\/wp-content\\\/uploads\\\/2017\\\/08\\\/P1030465-e1503389140554.jpg\",\"contentUrl\":\"https:\\\/\\\/indic.cat\\\/wp-content\\\/uploads\\\/2017\\\/08\\\/P1030465-e1503389140554.jpg\",\"width\":737,\"height\":553},{\"@type\":\"BreadcrumbList\",\"@id\":\"https:\\\/\\\/indic.cat\\\/es\\\/projecte\\\/plan-de-movilidad-urbana-sostenible-de-mollet-del-valles-2013\\\/#breadcrumb\",\"itemListElement\":[{\"@type\":\"ListItem\",\"position\":1,\"name\":\"Inici\",\"item\":\"https:\\\/\\\/indic.cat\\\/es\\\/iniciativas-y-dinamicas-comunitarias\\\/\"},{\"@type\":\"ListItem\",\"position\":2,\"name\":\"Projectes\",\"item\":\"https:\\\/\\\/indic.cat\\\/projecte\\\/\"},{\"@type\":\"ListItem\",\"position\":3,\"name\":\"Plan de movilidad urbana sostenible de Mollet del Vall\u00e8s (2013)\"}]},{\"@type\":\"WebSite\",\"@id\":\"https:\\\/\\\/indic.cat\\\/#website\",\"url\":\"https:\\\/\\\/indic.cat\\\/\",\"name\":\"My CMS\",\"description\":\"Iniciatives i din\u00e0miques comunit\u00e0ries\",\"potentialAction\":[{\"@type\":\"SearchAction\",\"target\":{\"@type\":\"EntryPoint\",\"urlTemplate\":\"https:\\\/\\\/indic.cat\\\/?s={search_term_string}\"},\"query-input\":{\"@type\":\"PropertyValueSpecification\",\"valueRequired\":true,\"valueName\":\"search_term_string\"}}],\"inLanguage\":\"es\"}]}<\/script>\n<!-- \/ Yoast SEO plugin. -->","yoast_head_json":{"title":"Plan de movilidad urbana sostenible de Mollet del Vall\u00e8s (2013) - My CMS","robots":{"index":"index","follow":"follow","max-snippet":"max-snippet:-1","max-image-preview":"max-image-preview:large","max-video-preview":"max-video-preview:-1"},"canonical":"https:\/\/indic.cat\/es\/projecte\/plan-de-movilidad-urbana-sostenible-de-mollet-del-valles-2013\/","og_locale":"es_ES","og_type":"article","og_title":"Plan de movilidad urbana sostenible de Mollet del Vall\u00e8s (2013) - My CMS","og_description":"L&#8217;any 2013, l\u2019Ajuntament de Mollet del Vall\u00e8s va elaborar, amb el suport de la Diputaci\u00f3 de Barcelona, el Pla de Mobilitat Urbana (PMUS) del municipi. En aquest projecte es va canalitzar la participaci\u00f3 principalment a trav\u00e9s de la Taula de Mobilitat del municipi i es va ampliar amb uns itineraris oberts pel municipi\u00a0amb tres itineraris: [&hellip;]","og_url":"https:\/\/indic.cat\/es\/projecte\/plan-de-movilidad-urbana-sostenible-de-mollet-del-valles-2013\/","og_site_name":"My CMS","article_publisher":"https:\/\/www.facebook.com\/Indic-Iniciatives-i-Din%c3%a0miques-Comunit%c3%a0ries-362170033806658\/","og_image":[{"width":737,"height":553,"url":"https:\/\/indic.cat\/wp-content\/uploads\/2017\/08\/P1030465-e1503389140554.jpg","type":"image\/jpeg"}],"twitter_card":"summary_large_image","twitter_site":"@IndicSL","twitter_misc":{"Tiempo de lectura":"1 minuto"},"schema":{"@context":"https:\/\/schema.org","@graph":[{"@type":"WebPage","@id":"https:\/\/indic.cat\/es\/projecte\/plan-de-movilidad-urbana-sostenible-de-mollet-del-valles-2013\/","url":"https:\/\/indic.cat\/es\/projecte\/plan-de-movilidad-urbana-sostenible-de-mollet-del-valles-2013\/","name":"Plan de movilidad urbana sostenible de Mollet del Vall\u00e8s (2013) - My CMS","isPartOf":{"@id":"https:\/\/indic.cat\/#website"},"primaryImageOfPage":{"@id":"https:\/\/indic.cat\/es\/projecte\/plan-de-movilidad-urbana-sostenible-de-mollet-del-valles-2013\/#primaryimage"},"image":{"@id":"https:\/\/indic.cat\/es\/projecte\/plan-de-movilidad-urbana-sostenible-de-mollet-del-valles-2013\/#primaryimage"},"thumbnailUrl":"https:\/\/indic.cat\/wp-content\/uploads\/2017\/08\/P1030465-e1503389140554.jpg","datePublished":"2024-01-16T09:22:12+00:00","breadcrumb":{"@id":"https:\/\/indic.cat\/es\/projecte\/plan-de-movilidad-urbana-sostenible-de-mollet-del-valles-2013\/#breadcrumb"},"inLanguage":"es","potentialAction":[{"@type":"ReadAction","target":["https:\/\/indic.cat\/es\/projecte\/plan-de-movilidad-urbana-sostenible-de-mollet-del-valles-2013\/"]}]},{"@type":"ImageObject","inLanguage":"es","@id":"https:\/\/indic.cat\/es\/projecte\/plan-de-movilidad-urbana-sostenible-de-mollet-del-valles-2013\/#primaryimage","url":"https:\/\/indic.cat\/wp-content\/uploads\/2017\/08\/P1030465-e1503389140554.jpg","contentUrl":"https:\/\/indic.cat\/wp-content\/uploads\/2017\/08\/P1030465-e1503389140554.jpg","width":737,"height":553},{"@type":"BreadcrumbList","@id":"https:\/\/indic.cat\/es\/projecte\/plan-de-movilidad-urbana-sostenible-de-mollet-del-valles-2013\/#breadcrumb","itemListElement":[{"@type":"ListItem","position":1,"name":"Inici","item":"https:\/\/indic.cat\/es\/iniciativas-y-dinamicas-comunitarias\/"},{"@type":"ListItem","position":2,"name":"Projectes","item":"https:\/\/indic.cat\/projecte\/"},{"@type":"ListItem","position":3,"name":"Plan de movilidad urbana sostenible de Mollet del Vall\u00e8s (2013)"}]},{"@type":"WebSite","@id":"https:\/\/indic.cat\/#website","url":"https:\/\/indic.cat\/","name":"My CMS","description":"Iniciatives i din\u00e0miques comunit\u00e0ries","potentialAction":[{"@type":"SearchAction","target":{"@type":"EntryPoint","urlTemplate":"https:\/\/indic.cat\/?s={search_term_string}"},"query-input":{"@type":"PropertyValueSpecification","valueRequired":true,"valueName":"search_term_string"}}],"inLanguage":"es"}]}},"_links":{"self":[{"href":"https:\/\/indic.cat\/es\/wp-json\/wp\/v2\/projecte\/4371","targetHints":{"allow":["GET"]}}],"collection":[{"href":"https:\/\/indic.cat\/es\/wp-json\/wp\/v2\/projecte"}],"about":[{"href":"https:\/\/indic.cat\/es\/wp-json\/wp\/v2\/types\/projecte"}],"version-history":[{"count":1,"href":"https:\/\/indic.cat\/es\/wp-json\/wp\/v2\/projecte\/4371\/revisions"}],"predecessor-version":[{"id":4372,"href":"https:\/\/indic.cat\/es\/wp-json\/wp\/v2\/projecte\/4371\/revisions\/4372"}],"wp:featuredmedia":[{"embeddable":true,"href":"https:\/\/indic.cat\/es\/wp-json\/wp\/v2\/media\/1422"}],"wp:attachment":[{"href":"https:\/\/indic.cat\/es\/wp-json\/wp\/v2\/media?parent=4371"}],"wp:term":[{"taxonomy":"categoria-servei","embeddable":true,"href":"https:\/\/indic.cat\/es\/wp-json\/wp\/v2\/categoria-servei?post=4371"}],"curies":[{"name":"wp","href":"https:\/\/api.w.org\/{rel}","templated":true}]}}