{"id":4383,"date":"2024-01-16T11:46:29","date_gmt":"2024-01-16T09:46:29","guid":{"rendered":"https:\/\/indic.cat\/?post_type=projecte&#038;p=4383"},"modified":"2024-01-16T11:46:29","modified_gmt":"2024-01-16T09:46:29","slug":"plan-de-actuacion-municipal-del-prat-de-llobregat-2016","status":"publish","type":"projecte","link":"https:\/\/indic.cat\/es\/projecte\/plan-de-actuacion-municipal-del-prat-de-llobregat-2016\/","title":{"rendered":"Plan de actuaci\u00f3n municipal del Prat de Llobregat (2016)"},"content":{"rendered":"<p>El Ayuntamiento del Prat de Llobregat quer\u00eda promover la participaci\u00f3n activa de la ciudadan\u00eda en la elaboraci\u00f3n del Plan de Acci\u00f3n Municipal 2016-2019. La voluntad municipal era que el vecindario del Prat de Llobregat pudieran proponer qu\u00e9 acciones consideraban que se tendr\u00edan que impulsar desde el Gobierno municipal durante este pr\u00f3ximo mandato.<\/p>\n<p>Para poder realizar esta tarea, la propuesta organizativa del proceso contemplaba diferentes estrategias y canales para recoger las propuestas ciudadanas. El proceso plante\u00f3 un trabajo con los espacios de participaci\u00f3n existentes en el municipio, como por ejemplo Consejos de participaci\u00f3n, Mesas y Comisiones. En total, se trabaj\u00f3 con 13 espacios estables de participaci\u00f3n ciudadana, organizados de manera sectorial de forma que los temas y los agentes implicados est\u00e1n vinculados a un \u00e1mbito concreto de la ciudad.<\/p>\n<p>Tambi\u00e9n \u00a0se articularon tres estrategias para implicar a la ciudadan\u00eda no organizada y que no tiene presencia directa en estos espacios estables de participaci\u00f3n:<\/p>\n<p>La participaci\u00f3n virtual a trav\u00e9s de la web municipal.<br \/>\nLa participaci\u00f3n a trav\u00e9s de boletines y buzones de sugerencias en las equipaciones sociales de referencia (bibliotecas, centros c\u00edvicos, pabellones, piscinas, etc.)<br \/>\nLa dinamizaci\u00f3n en la calle para recoger las aportaciones de los vecinos y vecinas.<\/p>\n","protected":false},"excerpt":{"rendered":"<p>El Ayuntamiento del Prat de Llobregat quer\u00eda promover la participaci\u00f3n activa de la ciudadan\u00eda en la elaboraci\u00f3n del Plan de Acci\u00f3n Municipal 2016-2019. La voluntad municipal era que el vecindario del Prat de Llobregat pudieran proponer qu\u00e9 acciones consideraban que se tendr\u00edan que impulsar desde el Gobierno municipal durante este pr\u00f3ximo mandato. Para poder realizar [&hellip;]<\/p>\n","protected":false},"featured_media":1314,"menu_order":0,"template":"","meta":{"_acf_changed":false,"footnotes":""},"categoria-servei":[19],"class_list":["post-4383","projecte","type-projecte","status-publish","has-post-thumbnail","hentry","categoria-servei-consultoria-participacion"],"acf":[],"yoast_head":"<!-- This site is optimized with the Yoast SEO plugin v27.4 - https:\/\/yoast.com\/product\/yoast-seo-wordpress\/ -->\n<title>Plan de actuaci\u00f3n municipal del Prat de Llobregat (2016) - My CMS<\/title>\n<meta name=\"robots\" content=\"index, follow, max-snippet:-1, max-image-preview:large, max-video-preview:-1\" \/>\n<link rel=\"canonical\" href=\"https:\/\/indic.cat\/es\/projecte\/plan-de-actuacion-municipal-del-prat-de-llobregat-2016\/\" \/>\n<meta property=\"og:locale\" content=\"es_ES\" \/>\n<meta property=\"og:type\" content=\"article\" \/>\n<meta property=\"og:title\" content=\"Plan de actuaci\u00f3n municipal del Prat de Llobregat (2016) - My CMS\" \/>\n<meta property=\"og:description\" content=\"El Ayuntamiento del Prat de Llobregat quer\u00eda promover la participaci\u00f3n activa de la ciudadan\u00eda en la elaboraci\u00f3n del Plan de Acci\u00f3n Municipal 2016-2019. La voluntad municipal era que el vecindario del Prat de Llobregat pudieran proponer qu\u00e9 acciones consideraban que se tendr\u00edan que impulsar desde el Gobierno municipal durante este pr\u00f3ximo mandato. Para poder realizar [&hellip;]\" \/>\n<meta property=\"og:url\" content=\"https:\/\/indic.cat\/es\/projecte\/plan-de-actuacion-municipal-del-prat-de-llobregat-2016\/\" \/>\n<meta property=\"og:site_name\" content=\"My CMS\" \/>\n<meta property=\"article:publisher\" content=\"https:\/\/www.facebook.com\/Indic-Iniciatives-i-Din%c3%a0miques-Comunit%c3%a0ries-362170033806658\/\" \/>\n<meta property=\"og:image\" content=\"https:\/\/indic.cat\/wp-content\/uploads\/2017\/08\/IMG_20160409_120410-e1503327816882.jpg\" \/>\n\t<meta property=\"og:image:width\" content=\"737\" \/>\n\t<meta property=\"og:image:height\" content=\"553\" \/>\n\t<meta property=\"og:image:type\" content=\"image\/jpeg\" \/>\n<meta name=\"twitter:card\" content=\"summary_large_image\" \/>\n<meta name=\"twitter:site\" content=\"@IndicSL\" \/>\n<meta name=\"twitter:label1\" content=\"Tiempo de lectura\" \/>\n\t<meta name=\"twitter:data1\" content=\"2 minutos\" \/>\n<script type=\"application\/ld+json\" class=\"yoast-schema-graph\">{\"@context\":\"https:\\\/\\\/schema.org\",\"@graph\":[{\"@type\":\"WebPage\",\"@id\":\"https:\\\/\\\/indic.cat\\\/es\\\/projecte\\\/plan-de-actuacion-municipal-del-prat-de-llobregat-2016\\\/\",\"url\":\"https:\\\/\\\/indic.cat\\\/es\\\/projecte\\\/plan-de-actuacion-municipal-del-prat-de-llobregat-2016\\\/\",\"name\":\"Plan de actuaci\u00f3n municipal del Prat de Llobregat (2016) - My CMS\",\"isPartOf\":{\"@id\":\"https:\\\/\\\/indic.cat\\\/#website\"},\"primaryImageOfPage\":{\"@id\":\"https:\\\/\\\/indic.cat\\\/es\\\/projecte\\\/plan-de-actuacion-municipal-del-prat-de-llobregat-2016\\\/#primaryimage\"},\"image\":{\"@id\":\"https:\\\/\\\/indic.cat\\\/es\\\/projecte\\\/plan-de-actuacion-municipal-del-prat-de-llobregat-2016\\\/#primaryimage\"},\"thumbnailUrl\":\"https:\\\/\\\/indic.cat\\\/wp-content\\\/uploads\\\/2017\\\/08\\\/IMG_20160409_120410-e1503327816882.jpg\",\"datePublished\":\"2024-01-16T09:46:29+00:00\",\"breadcrumb\":{\"@id\":\"https:\\\/\\\/indic.cat\\\/es\\\/projecte\\\/plan-de-actuacion-municipal-del-prat-de-llobregat-2016\\\/#breadcrumb\"},\"inLanguage\":\"es\",\"potentialAction\":[{\"@type\":\"ReadAction\",\"target\":[\"https:\\\/\\\/indic.cat\\\/es\\\/projecte\\\/plan-de-actuacion-municipal-del-prat-de-llobregat-2016\\\/\"]}]},{\"@type\":\"ImageObject\",\"inLanguage\":\"es\",\"@id\":\"https:\\\/\\\/indic.cat\\\/es\\\/projecte\\\/plan-de-actuacion-municipal-del-prat-de-llobregat-2016\\\/#primaryimage\",\"url\":\"https:\\\/\\\/indic.cat\\\/wp-content\\\/uploads\\\/2017\\\/08\\\/IMG_20160409_120410-e1503327816882.jpg\",\"contentUrl\":\"https:\\\/\\\/indic.cat\\\/wp-content\\\/uploads\\\/2017\\\/08\\\/IMG_20160409_120410-e1503327816882.jpg\",\"width\":737,\"height\":553},{\"@type\":\"BreadcrumbList\",\"@id\":\"https:\\\/\\\/indic.cat\\\/es\\\/projecte\\\/plan-de-actuacion-municipal-del-prat-de-llobregat-2016\\\/#breadcrumb\",\"itemListElement\":[{\"@type\":\"ListItem\",\"position\":1,\"name\":\"Inici\",\"item\":\"https:\\\/\\\/indic.cat\\\/es\\\/iniciativas-y-dinamicas-comunitarias\\\/\"},{\"@type\":\"ListItem\",\"position\":2,\"name\":\"Projectes\",\"item\":\"https:\\\/\\\/indic.cat\\\/projecte\\\/\"},{\"@type\":\"ListItem\",\"position\":3,\"name\":\"Plan de actuaci\u00f3n municipal del Prat de Llobregat (2016)\"}]},{\"@type\":\"WebSite\",\"@id\":\"https:\\\/\\\/indic.cat\\\/#website\",\"url\":\"https:\\\/\\\/indic.cat\\\/\",\"name\":\"My CMS\",\"description\":\"Iniciatives i din\u00e0miques comunit\u00e0ries\",\"potentialAction\":[{\"@type\":\"SearchAction\",\"target\":{\"@type\":\"EntryPoint\",\"urlTemplate\":\"https:\\\/\\\/indic.cat\\\/?s={search_term_string}\"},\"query-input\":{\"@type\":\"PropertyValueSpecification\",\"valueRequired\":true,\"valueName\":\"search_term_string\"}}],\"inLanguage\":\"es\"}]}<\/script>\n<!-- \/ Yoast SEO plugin. -->","yoast_head_json":{"title":"Plan de actuaci\u00f3n municipal del Prat de Llobregat (2016) - My CMS","robots":{"index":"index","follow":"follow","max-snippet":"max-snippet:-1","max-image-preview":"max-image-preview:large","max-video-preview":"max-video-preview:-1"},"canonical":"https:\/\/indic.cat\/es\/projecte\/plan-de-actuacion-municipal-del-prat-de-llobregat-2016\/","og_locale":"es_ES","og_type":"article","og_title":"Plan de actuaci\u00f3n municipal del Prat de Llobregat (2016) - My CMS","og_description":"El Ayuntamiento del Prat de Llobregat quer\u00eda promover la participaci\u00f3n activa de la ciudadan\u00eda en la elaboraci\u00f3n del Plan de Acci\u00f3n Municipal 2016-2019. La voluntad municipal era que el vecindario del Prat de Llobregat pudieran proponer qu\u00e9 acciones consideraban que se tendr\u00edan que impulsar desde el Gobierno municipal durante este pr\u00f3ximo mandato. Para poder realizar [&hellip;]","og_url":"https:\/\/indic.cat\/es\/projecte\/plan-de-actuacion-municipal-del-prat-de-llobregat-2016\/","og_site_name":"My CMS","article_publisher":"https:\/\/www.facebook.com\/Indic-Iniciatives-i-Din%c3%a0miques-Comunit%c3%a0ries-362170033806658\/","og_image":[{"width":737,"height":553,"url":"https:\/\/indic.cat\/wp-content\/uploads\/2017\/08\/IMG_20160409_120410-e1503327816882.jpg","type":"image\/jpeg"}],"twitter_card":"summary_large_image","twitter_site":"@IndicSL","twitter_misc":{"Tiempo de lectura":"2 minutos"},"schema":{"@context":"https:\/\/schema.org","@graph":[{"@type":"WebPage","@id":"https:\/\/indic.cat\/es\/projecte\/plan-de-actuacion-municipal-del-prat-de-llobregat-2016\/","url":"https:\/\/indic.cat\/es\/projecte\/plan-de-actuacion-municipal-del-prat-de-llobregat-2016\/","name":"Plan de actuaci\u00f3n municipal del Prat de Llobregat (2016) - My CMS","isPartOf":{"@id":"https:\/\/indic.cat\/#website"},"primaryImageOfPage":{"@id":"https:\/\/indic.cat\/es\/projecte\/plan-de-actuacion-municipal-del-prat-de-llobregat-2016\/#primaryimage"},"image":{"@id":"https:\/\/indic.cat\/es\/projecte\/plan-de-actuacion-municipal-del-prat-de-llobregat-2016\/#primaryimage"},"thumbnailUrl":"https:\/\/indic.cat\/wp-content\/uploads\/2017\/08\/IMG_20160409_120410-e1503327816882.jpg","datePublished":"2024-01-16T09:46:29+00:00","breadcrumb":{"@id":"https:\/\/indic.cat\/es\/projecte\/plan-de-actuacion-municipal-del-prat-de-llobregat-2016\/#breadcrumb"},"inLanguage":"es","potentialAction":[{"@type":"ReadAction","target":["https:\/\/indic.cat\/es\/projecte\/plan-de-actuacion-municipal-del-prat-de-llobregat-2016\/"]}]},{"@type":"ImageObject","inLanguage":"es","@id":"https:\/\/indic.cat\/es\/projecte\/plan-de-actuacion-municipal-del-prat-de-llobregat-2016\/#primaryimage","url":"https:\/\/indic.cat\/wp-content\/uploads\/2017\/08\/IMG_20160409_120410-e1503327816882.jpg","contentUrl":"https:\/\/indic.cat\/wp-content\/uploads\/2017\/08\/IMG_20160409_120410-e1503327816882.jpg","width":737,"height":553},{"@type":"BreadcrumbList","@id":"https:\/\/indic.cat\/es\/projecte\/plan-de-actuacion-municipal-del-prat-de-llobregat-2016\/#breadcrumb","itemListElement":[{"@type":"ListItem","position":1,"name":"Inici","item":"https:\/\/indic.cat\/es\/iniciativas-y-dinamicas-comunitarias\/"},{"@type":"ListItem","position":2,"name":"Projectes","item":"https:\/\/indic.cat\/projecte\/"},{"@type":"ListItem","position":3,"name":"Plan de actuaci\u00f3n municipal del Prat de Llobregat (2016)"}]},{"@type":"WebSite","@id":"https:\/\/indic.cat\/#website","url":"https:\/\/indic.cat\/","name":"My CMS","description":"Iniciatives i din\u00e0miques comunit\u00e0ries","potentialAction":[{"@type":"SearchAction","target":{"@type":"EntryPoint","urlTemplate":"https:\/\/indic.cat\/?s={search_term_string}"},"query-input":{"@type":"PropertyValueSpecification","valueRequired":true,"valueName":"search_term_string"}}],"inLanguage":"es"}]}},"_links":{"self":[{"href":"https:\/\/indic.cat\/es\/wp-json\/wp\/v2\/projecte\/4383","targetHints":{"allow":["GET"]}}],"collection":[{"href":"https:\/\/indic.cat\/es\/wp-json\/wp\/v2\/projecte"}],"about":[{"href":"https:\/\/indic.cat\/es\/wp-json\/wp\/v2\/types\/projecte"}],"version-history":[{"count":1,"href":"https:\/\/indic.cat\/es\/wp-json\/wp\/v2\/projecte\/4383\/revisions"}],"predecessor-version":[{"id":4384,"href":"https:\/\/indic.cat\/es\/wp-json\/wp\/v2\/projecte\/4383\/revisions\/4384"}],"wp:featuredmedia":[{"embeddable":true,"href":"https:\/\/indic.cat\/es\/wp-json\/wp\/v2\/media\/1314"}],"wp:attachment":[{"href":"https:\/\/indic.cat\/es\/wp-json\/wp\/v2\/media?parent=4383"}],"wp:term":[{"taxonomy":"categoria-servei","embeddable":true,"href":"https:\/\/indic.cat\/es\/wp-json\/wp\/v2\/categoria-servei?post=4383"}],"curies":[{"name":"wp","href":"https:\/\/api.w.org\/{rel}","templated":true}]}}