{"id":4391,"date":"2024-01-16T11:56:35","date_gmt":"2024-01-16T09:56:35","guid":{"rendered":"https:\/\/indic.cat\/?post_type=projecte&#038;p=4391"},"modified":"2024-01-16T11:56:35","modified_gmt":"2024-01-16T09:56:35","slug":"plan-estrategico-de-parets-del-valles-2025","status":"publish","type":"projecte","link":"https:\/\/indic.cat\/es\/projecte\/plan-estrategico-de-parets-del-valles-2025\/","title":{"rendered":"Plan Estrat\u00e9gico de Parets del Vall\u00e8s 2025"},"content":{"rendered":"<p>El Ayuntamiento de Parets del Vall\u00e8s en 2011 impuls\u00f3 la elaboraci\u00f3n de un proyecto estrat\u00e9gico de municipio que definiera el modelo de villa para los pr\u00f3ximos 15 a\u00f1os. El objetivo del Plan Estrat\u00e9gico era definir el modelo de futuro deseado y articular un plan de actuaci\u00f3n que permitiera avanzar hacia este modelo deseado. En este proceso de elaboraci\u00f3n, el Ayuntamiento quer\u00eda incorporar la ciudadan\u00eda y los diferentes agentes sociales y econ\u00f3micos del municipio a trav\u00e9s de un proceso de reflexi\u00f3n conjunta que permitiera identificar diferentes visiones y propuestas para el futuro del municipio.<\/p>\n<p>El proceso de apoyo se organiz\u00f3 en dos fases:<\/p>\n<p>Fase de diagnosis: Se hizo un an\u00e1lisis de la situaci\u00f3n actual del municipio que permitiera conocer con detalle el escenario de partida as\u00ed como identificar las principales potencialidades, carencias, amenazas y oportunidades del municipio.<br \/>\nFase de propuestas: A partir de la situaci\u00f3n de partida identificada en la diagnosis, se generaron propuestas para definir el modelo de futuro y las l\u00edneas estrat\u00e9gicas de actuaci\u00f3n necesarias para llegar.<\/p>\n","protected":false},"excerpt":{"rendered":"<p>El Ayuntamiento de Parets del Vall\u00e8s en 2011 impuls\u00f3 la elaboraci\u00f3n de un proyecto estrat\u00e9gico de municipio que definiera el modelo de villa para los pr\u00f3ximos 15 a\u00f1os. El objetivo del Plan Estrat\u00e9gico era definir el modelo de futuro deseado y articular un plan de actuaci\u00f3n que permitiera avanzar hacia este modelo deseado. En este [&hellip;]<\/p>\n","protected":false},"featured_media":1191,"menu_order":0,"template":"","meta":{"_acf_changed":false,"footnotes":""},"categoria-servei":[19],"class_list":["post-4391","projecte","type-projecte","status-publish","has-post-thumbnail","hentry","categoria-servei-consultoria-participacion"],"acf":[],"yoast_head":"<!-- This site is optimized with the Yoast SEO plugin v27.5 - https:\/\/yoast.com\/product\/yoast-seo-wordpress\/ -->\n<title>Plan Estrat\u00e9gico de Parets del Vall\u00e8s 2025 - My CMS<\/title>\n<meta name=\"robots\" content=\"index, follow, max-snippet:-1, max-image-preview:large, max-video-preview:-1\" \/>\n<link rel=\"canonical\" href=\"https:\/\/indic.cat\/es\/projecte\/plan-estrategico-de-parets-del-valles-2025\/\" \/>\n<meta property=\"og:locale\" content=\"es_ES\" \/>\n<meta property=\"og:type\" content=\"article\" \/>\n<meta property=\"og:title\" content=\"Plan Estrat\u00e9gico de Parets del Vall\u00e8s 2025 - My CMS\" \/>\n<meta property=\"og:description\" content=\"El Ayuntamiento de Parets del Vall\u00e8s en 2011 impuls\u00f3 la elaboraci\u00f3n de un proyecto estrat\u00e9gico de municipio que definiera el modelo de villa para los pr\u00f3ximos 15 a\u00f1os. El objetivo del Plan Estrat\u00e9gico era definir el modelo de futuro deseado y articular un plan de actuaci\u00f3n que permitiera avanzar hacia este modelo deseado. En este [&hellip;]\" \/>\n<meta property=\"og:url\" content=\"https:\/\/indic.cat\/es\/projecte\/plan-estrategico-de-parets-del-valles-2025\/\" \/>\n<meta property=\"og:site_name\" content=\"My CMS\" \/>\n<meta property=\"article:publisher\" content=\"https:\/\/www.facebook.com\/Indic-Iniciatives-i-Din%c3%a0miques-Comunit%c3%a0ries-362170033806658\/\" \/>\n<meta property=\"og:image\" content=\"https:\/\/indic.cat\/wp-content\/uploads\/2017\/04\/COMISSIO_SEGUIMENT-1-e1503312982304.jpg\" \/>\n\t<meta property=\"og:image:width\" content=\"737\" \/>\n\t<meta property=\"og:image:height\" content=\"491\" \/>\n\t<meta property=\"og:image:type\" content=\"image\/jpeg\" \/>\n<meta name=\"twitter:card\" content=\"summary_large_image\" \/>\n<meta name=\"twitter:site\" content=\"@IndicSL\" \/>\n<meta name=\"twitter:label1\" content=\"Tiempo de lectura\" \/>\n\t<meta name=\"twitter:data1\" content=\"1 minuto\" \/>\n<script type=\"application\/ld+json\" class=\"yoast-schema-graph\">{\"@context\":\"https:\\\/\\\/schema.org\",\"@graph\":[{\"@type\":\"WebPage\",\"@id\":\"https:\\\/\\\/indic.cat\\\/es\\\/projecte\\\/plan-estrategico-de-parets-del-valles-2025\\\/\",\"url\":\"https:\\\/\\\/indic.cat\\\/es\\\/projecte\\\/plan-estrategico-de-parets-del-valles-2025\\\/\",\"name\":\"Plan Estrat\u00e9gico de Parets del Vall\u00e8s 2025 - My CMS\",\"isPartOf\":{\"@id\":\"https:\\\/\\\/indic.cat\\\/#website\"},\"primaryImageOfPage\":{\"@id\":\"https:\\\/\\\/indic.cat\\\/es\\\/projecte\\\/plan-estrategico-de-parets-del-valles-2025\\\/#primaryimage\"},\"image\":{\"@id\":\"https:\\\/\\\/indic.cat\\\/es\\\/projecte\\\/plan-estrategico-de-parets-del-valles-2025\\\/#primaryimage\"},\"thumbnailUrl\":\"https:\\\/\\\/indic.cat\\\/wp-content\\\/uploads\\\/2017\\\/04\\\/COMISSIO_SEGUIMENT-1-e1503312982304.jpg\",\"datePublished\":\"2024-01-16T09:56:35+00:00\",\"breadcrumb\":{\"@id\":\"https:\\\/\\\/indic.cat\\\/es\\\/projecte\\\/plan-estrategico-de-parets-del-valles-2025\\\/#breadcrumb\"},\"inLanguage\":\"es\",\"potentialAction\":[{\"@type\":\"ReadAction\",\"target\":[\"https:\\\/\\\/indic.cat\\\/es\\\/projecte\\\/plan-estrategico-de-parets-del-valles-2025\\\/\"]}]},{\"@type\":\"ImageObject\",\"inLanguage\":\"es\",\"@id\":\"https:\\\/\\\/indic.cat\\\/es\\\/projecte\\\/plan-estrategico-de-parets-del-valles-2025\\\/#primaryimage\",\"url\":\"https:\\\/\\\/indic.cat\\\/wp-content\\\/uploads\\\/2017\\\/04\\\/COMISSIO_SEGUIMENT-1-e1503312982304.jpg\",\"contentUrl\":\"https:\\\/\\\/indic.cat\\\/wp-content\\\/uploads\\\/2017\\\/04\\\/COMISSIO_SEGUIMENT-1-e1503312982304.jpg\",\"width\":737,\"height\":491},{\"@type\":\"BreadcrumbList\",\"@id\":\"https:\\\/\\\/indic.cat\\\/es\\\/projecte\\\/plan-estrategico-de-parets-del-valles-2025\\\/#breadcrumb\",\"itemListElement\":[{\"@type\":\"ListItem\",\"position\":1,\"name\":\"Inici\",\"item\":\"https:\\\/\\\/indic.cat\\\/es\\\/iniciativas-y-dinamicas-comunitarias\\\/\"},{\"@type\":\"ListItem\",\"position\":2,\"name\":\"Projectes\",\"item\":\"https:\\\/\\\/indic.cat\\\/projecte\\\/\"},{\"@type\":\"ListItem\",\"position\":3,\"name\":\"Plan Estrat\u00e9gico de Parets del Vall\u00e8s 2025\"}]},{\"@type\":\"WebSite\",\"@id\":\"https:\\\/\\\/indic.cat\\\/#website\",\"url\":\"https:\\\/\\\/indic.cat\\\/\",\"name\":\"My CMS\",\"description\":\"Iniciatives i din\u00e0miques comunit\u00e0ries\",\"potentialAction\":[{\"@type\":\"SearchAction\",\"target\":{\"@type\":\"EntryPoint\",\"urlTemplate\":\"https:\\\/\\\/indic.cat\\\/?s={search_term_string}\"},\"query-input\":{\"@type\":\"PropertyValueSpecification\",\"valueRequired\":true,\"valueName\":\"search_term_string\"}}],\"inLanguage\":\"es\"}]}<\/script>\n<!-- \/ Yoast SEO plugin. -->","yoast_head_json":{"title":"Plan Estrat\u00e9gico de Parets del Vall\u00e8s 2025 - My CMS","robots":{"index":"index","follow":"follow","max-snippet":"max-snippet:-1","max-image-preview":"max-image-preview:large","max-video-preview":"max-video-preview:-1"},"canonical":"https:\/\/indic.cat\/es\/projecte\/plan-estrategico-de-parets-del-valles-2025\/","og_locale":"es_ES","og_type":"article","og_title":"Plan Estrat\u00e9gico de Parets del Vall\u00e8s 2025 - My CMS","og_description":"El Ayuntamiento de Parets del Vall\u00e8s en 2011 impuls\u00f3 la elaboraci\u00f3n de un proyecto estrat\u00e9gico de municipio que definiera el modelo de villa para los pr\u00f3ximos 15 a\u00f1os. El objetivo del Plan Estrat\u00e9gico era definir el modelo de futuro deseado y articular un plan de actuaci\u00f3n que permitiera avanzar hacia este modelo deseado. En este [&hellip;]","og_url":"https:\/\/indic.cat\/es\/projecte\/plan-estrategico-de-parets-del-valles-2025\/","og_site_name":"My CMS","article_publisher":"https:\/\/www.facebook.com\/Indic-Iniciatives-i-Din%c3%a0miques-Comunit%c3%a0ries-362170033806658\/","og_image":[{"width":737,"height":491,"url":"https:\/\/indic.cat\/wp-content\/uploads\/2017\/04\/COMISSIO_SEGUIMENT-1-e1503312982304.jpg","type":"image\/jpeg"}],"twitter_card":"summary_large_image","twitter_site":"@IndicSL","twitter_misc":{"Tiempo de lectura":"1 minuto"},"schema":{"@context":"https:\/\/schema.org","@graph":[{"@type":"WebPage","@id":"https:\/\/indic.cat\/es\/projecte\/plan-estrategico-de-parets-del-valles-2025\/","url":"https:\/\/indic.cat\/es\/projecte\/plan-estrategico-de-parets-del-valles-2025\/","name":"Plan Estrat\u00e9gico de Parets del Vall\u00e8s 2025 - My CMS","isPartOf":{"@id":"https:\/\/indic.cat\/#website"},"primaryImageOfPage":{"@id":"https:\/\/indic.cat\/es\/projecte\/plan-estrategico-de-parets-del-valles-2025\/#primaryimage"},"image":{"@id":"https:\/\/indic.cat\/es\/projecte\/plan-estrategico-de-parets-del-valles-2025\/#primaryimage"},"thumbnailUrl":"https:\/\/indic.cat\/wp-content\/uploads\/2017\/04\/COMISSIO_SEGUIMENT-1-e1503312982304.jpg","datePublished":"2024-01-16T09:56:35+00:00","breadcrumb":{"@id":"https:\/\/indic.cat\/es\/projecte\/plan-estrategico-de-parets-del-valles-2025\/#breadcrumb"},"inLanguage":"es","potentialAction":[{"@type":"ReadAction","target":["https:\/\/indic.cat\/es\/projecte\/plan-estrategico-de-parets-del-valles-2025\/"]}]},{"@type":"ImageObject","inLanguage":"es","@id":"https:\/\/indic.cat\/es\/projecte\/plan-estrategico-de-parets-del-valles-2025\/#primaryimage","url":"https:\/\/indic.cat\/wp-content\/uploads\/2017\/04\/COMISSIO_SEGUIMENT-1-e1503312982304.jpg","contentUrl":"https:\/\/indic.cat\/wp-content\/uploads\/2017\/04\/COMISSIO_SEGUIMENT-1-e1503312982304.jpg","width":737,"height":491},{"@type":"BreadcrumbList","@id":"https:\/\/indic.cat\/es\/projecte\/plan-estrategico-de-parets-del-valles-2025\/#breadcrumb","itemListElement":[{"@type":"ListItem","position":1,"name":"Inici","item":"https:\/\/indic.cat\/es\/iniciativas-y-dinamicas-comunitarias\/"},{"@type":"ListItem","position":2,"name":"Projectes","item":"https:\/\/indic.cat\/projecte\/"},{"@type":"ListItem","position":3,"name":"Plan Estrat\u00e9gico de Parets del Vall\u00e8s 2025"}]},{"@type":"WebSite","@id":"https:\/\/indic.cat\/#website","url":"https:\/\/indic.cat\/","name":"My CMS","description":"Iniciatives i din\u00e0miques comunit\u00e0ries","potentialAction":[{"@type":"SearchAction","target":{"@type":"EntryPoint","urlTemplate":"https:\/\/indic.cat\/?s={search_term_string}"},"query-input":{"@type":"PropertyValueSpecification","valueRequired":true,"valueName":"search_term_string"}}],"inLanguage":"es"}]}},"_links":{"self":[{"href":"https:\/\/indic.cat\/es\/wp-json\/wp\/v2\/projecte\/4391","targetHints":{"allow":["GET"]}}],"collection":[{"href":"https:\/\/indic.cat\/es\/wp-json\/wp\/v2\/projecte"}],"about":[{"href":"https:\/\/indic.cat\/es\/wp-json\/wp\/v2\/types\/projecte"}],"version-history":[{"count":1,"href":"https:\/\/indic.cat\/es\/wp-json\/wp\/v2\/projecte\/4391\/revisions"}],"predecessor-version":[{"id":4392,"href":"https:\/\/indic.cat\/es\/wp-json\/wp\/v2\/projecte\/4391\/revisions\/4392"}],"wp:featuredmedia":[{"embeddable":true,"href":"https:\/\/indic.cat\/es\/wp-json\/wp\/v2\/media\/1191"}],"wp:attachment":[{"href":"https:\/\/indic.cat\/es\/wp-json\/wp\/v2\/media?parent=4391"}],"wp:term":[{"taxonomy":"categoria-servei","embeddable":true,"href":"https:\/\/indic.cat\/es\/wp-json\/wp\/v2\/categoria-servei?post=4391"}],"curies":[{"name":"wp","href":"https:\/\/api.w.org\/{rel}","templated":true}]}}