{"id":5941,"date":"2024-07-24T08:58:18","date_gmt":"2024-07-24T06:58:18","guid":{"rendered":"https:\/\/indic.cat\/projecte\/plan-estrategico-federacio-veus-2024\/"},"modified":"2024-07-24T14:14:25","modified_gmt":"2024-07-24T12:14:25","slug":"plan-estrategico-federacio-veus-2024","status":"publish","type":"projecte","link":"https:\/\/indic.cat\/es\/projecte\/plan-estrategico-federacio-veus-2024\/","title":{"rendered":"Plan Estrat\u00e9gico Federaci\u00f3 Veus (2024)"},"content":{"rendered":"<p>La Federaci\u00f3n Catalana d\u2019Entitats de Salud Mental en 1\u00aa Persona \u2013 VEUS, es una organizaci\u00f3n de Catalu\u00f1a que aplega el tejido asociativo de persones con experiencia propia en salud mental.<\/p>\n<p>La Federaci\u00f3n VEUS ya dispon\u00eda de un Plan Estrat\u00e9gico 2019-2022 y despu\u00e9s de los cambios producidos en los \u00faltimos a\u00f1os, tanto a nivel social como dentro de la Federaci\u00f3n, valoraron la necesidad de volver a realizar una reflexi\u00f3n estrat\u00e9gica para afrontar el futuro de la Federaci\u00f3n con la implicaci\u00f3n de todos los miembros y entidades que forman parte.<\/p>\n<p><strong>INDIC ha acompa\u00f1ado durante 9 meses al proceso de reflexi\u00f3n interna que ha llevado a la elaboraci\u00f3n del Plan Estrat\u00e9gico 2024-2027.<\/strong><\/p>\n","protected":false},"excerpt":{"rendered":"<p>La Federaci\u00f3n Catalana d\u2019Entitats de Salud Mental en 1\u00aa Persona \u2013 VEUS, es una organizaci\u00f3n de Catalu\u00f1a que aplega el tejido asociativo de persones con experiencia propia en salud mental. La Federaci\u00f3n VEUS ya dispon\u00eda de un Plan Estrat\u00e9gico 2019-2022 y despu\u00e9s de los cambios producidos en los \u00faltimos a\u00f1os, tanto a nivel social como [&hellip;]<\/p>\n","protected":false},"featured_media":5944,"menu_order":0,"template":"","meta":{"_acf_changed":false,"footnotes":""},"categoria-servei":[],"class_list":["post-5941","projecte","type-projecte","status-publish","has-post-thumbnail","hentry"],"acf":[],"yoast_head":"<!-- This site is optimized with the Yoast SEO plugin v27.4 - https:\/\/yoast.com\/product\/yoast-seo-wordpress\/ -->\n<title>Plan Estrat\u00e9gico Federaci\u00f3 Veus (2024) - My CMS<\/title>\n<meta name=\"robots\" content=\"index, follow, max-snippet:-1, max-image-preview:large, max-video-preview:-1\" \/>\n<link rel=\"canonical\" href=\"https:\/\/indic.cat\/es\/projecte\/plan-estrategico-federacio-veus-2024\/\" \/>\n<meta property=\"og:locale\" content=\"es_ES\" \/>\n<meta property=\"og:type\" content=\"article\" \/>\n<meta property=\"og:title\" content=\"Plan Estrat\u00e9gico Federaci\u00f3 Veus (2024) - My CMS\" \/>\n<meta property=\"og:description\" content=\"La Federaci\u00f3n Catalana d\u2019Entitats de Salud Mental en 1\u00aa Persona \u2013 VEUS, es una organizaci\u00f3n de Catalu\u00f1a que aplega el tejido asociativo de persones con experiencia propia en salud mental. La Federaci\u00f3n VEUS ya dispon\u00eda de un Plan Estrat\u00e9gico 2019-2022 y despu\u00e9s de los cambios producidos en los \u00faltimos a\u00f1os, tanto a nivel social como [&hellip;]\" \/>\n<meta property=\"og:url\" content=\"https:\/\/indic.cat\/es\/projecte\/plan-estrategico-federacio-veus-2024\/\" \/>\n<meta property=\"og:site_name\" content=\"My CMS\" \/>\n<meta property=\"article:publisher\" content=\"https:\/\/www.facebook.com\/Indic-Iniciatives-i-Din%c3%a0miques-Comunit%c3%a0ries-362170033806658\/\" \/>\n<meta property=\"article:modified_time\" content=\"2024-07-24T12:14:25+00:00\" \/>\n<meta property=\"og:image\" content=\"https:\/\/indic.cat\/wp-content\/uploads\/2024\/07\/000IMG_7177-1.jpg\" \/>\n\t<meta property=\"og:image:width\" content=\"1134\" \/>\n\t<meta property=\"og:image:height\" content=\"738\" \/>\n\t<meta property=\"og:image:type\" content=\"image\/jpeg\" \/>\n<meta name=\"twitter:card\" content=\"summary_large_image\" \/>\n<meta name=\"twitter:site\" content=\"@IndicSL\" \/>\n<meta name=\"twitter:label1\" content=\"Tiempo de lectura\" \/>\n\t<meta name=\"twitter:data1\" content=\"1 minuto\" \/>\n<script type=\"application\/ld+json\" class=\"yoast-schema-graph\">{\"@context\":\"https:\\\/\\\/schema.org\",\"@graph\":[{\"@type\":\"WebPage\",\"@id\":\"https:\\\/\\\/indic.cat\\\/es\\\/projecte\\\/plan-estrategico-federacio-veus-2024\\\/\",\"url\":\"https:\\\/\\\/indic.cat\\\/es\\\/projecte\\\/plan-estrategico-federacio-veus-2024\\\/\",\"name\":\"Plan Estrat\u00e9gico Federaci\u00f3 Veus (2024) - My CMS\",\"isPartOf\":{\"@id\":\"https:\\\/\\\/indic.cat\\\/#website\"},\"primaryImageOfPage\":{\"@id\":\"https:\\\/\\\/indic.cat\\\/es\\\/projecte\\\/plan-estrategico-federacio-veus-2024\\\/#primaryimage\"},\"image\":{\"@id\":\"https:\\\/\\\/indic.cat\\\/es\\\/projecte\\\/plan-estrategico-federacio-veus-2024\\\/#primaryimage\"},\"thumbnailUrl\":\"https:\\\/\\\/indic.cat\\\/wp-content\\\/uploads\\\/2024\\\/07\\\/000IMG_7177-1.jpg\",\"datePublished\":\"2024-07-24T06:58:18+00:00\",\"dateModified\":\"2024-07-24T12:14:25+00:00\",\"breadcrumb\":{\"@id\":\"https:\\\/\\\/indic.cat\\\/es\\\/projecte\\\/plan-estrategico-federacio-veus-2024\\\/#breadcrumb\"},\"inLanguage\":\"es\",\"potentialAction\":[{\"@type\":\"ReadAction\",\"target\":[\"https:\\\/\\\/indic.cat\\\/es\\\/projecte\\\/plan-estrategico-federacio-veus-2024\\\/\"]}]},{\"@type\":\"ImageObject\",\"inLanguage\":\"es\",\"@id\":\"https:\\\/\\\/indic.cat\\\/es\\\/projecte\\\/plan-estrategico-federacio-veus-2024\\\/#primaryimage\",\"url\":\"https:\\\/\\\/indic.cat\\\/wp-content\\\/uploads\\\/2024\\\/07\\\/000IMG_7177-1.jpg\",\"contentUrl\":\"https:\\\/\\\/indic.cat\\\/wp-content\\\/uploads\\\/2024\\\/07\\\/000IMG_7177-1.jpg\",\"width\":1134,\"height\":738},{\"@type\":\"BreadcrumbList\",\"@id\":\"https:\\\/\\\/indic.cat\\\/es\\\/projecte\\\/plan-estrategico-federacio-veus-2024\\\/#breadcrumb\",\"itemListElement\":[{\"@type\":\"ListItem\",\"position\":1,\"name\":\"Inici\",\"item\":\"https:\\\/\\\/indic.cat\\\/es\\\/iniciativas-y-dinamicas-comunitarias\\\/\"},{\"@type\":\"ListItem\",\"position\":2,\"name\":\"Projectes\",\"item\":\"https:\\\/\\\/indic.cat\\\/projecte\\\/\"},{\"@type\":\"ListItem\",\"position\":3,\"name\":\"Plan Estrat\u00e9gico Federaci\u00f3 Veus (2024)\"}]},{\"@type\":\"WebSite\",\"@id\":\"https:\\\/\\\/indic.cat\\\/#website\",\"url\":\"https:\\\/\\\/indic.cat\\\/\",\"name\":\"My CMS\",\"description\":\"Iniciatives i din\u00e0miques comunit\u00e0ries\",\"potentialAction\":[{\"@type\":\"SearchAction\",\"target\":{\"@type\":\"EntryPoint\",\"urlTemplate\":\"https:\\\/\\\/indic.cat\\\/?s={search_term_string}\"},\"query-input\":{\"@type\":\"PropertyValueSpecification\",\"valueRequired\":true,\"valueName\":\"search_term_string\"}}],\"inLanguage\":\"es\"}]}<\/script>\n<!-- \/ Yoast SEO plugin. -->","yoast_head_json":{"title":"Plan Estrat\u00e9gico Federaci\u00f3 Veus (2024) - My CMS","robots":{"index":"index","follow":"follow","max-snippet":"max-snippet:-1","max-image-preview":"max-image-preview:large","max-video-preview":"max-video-preview:-1"},"canonical":"https:\/\/indic.cat\/es\/projecte\/plan-estrategico-federacio-veus-2024\/","og_locale":"es_ES","og_type":"article","og_title":"Plan Estrat\u00e9gico Federaci\u00f3 Veus (2024) - My CMS","og_description":"La Federaci\u00f3n Catalana d\u2019Entitats de Salud Mental en 1\u00aa Persona \u2013 VEUS, es una organizaci\u00f3n de Catalu\u00f1a que aplega el tejido asociativo de persones con experiencia propia en salud mental. La Federaci\u00f3n VEUS ya dispon\u00eda de un Plan Estrat\u00e9gico 2019-2022 y despu\u00e9s de los cambios producidos en los \u00faltimos a\u00f1os, tanto a nivel social como [&hellip;]","og_url":"https:\/\/indic.cat\/es\/projecte\/plan-estrategico-federacio-veus-2024\/","og_site_name":"My CMS","article_publisher":"https:\/\/www.facebook.com\/Indic-Iniciatives-i-Din%c3%a0miques-Comunit%c3%a0ries-362170033806658\/","article_modified_time":"2024-07-24T12:14:25+00:00","og_image":[{"width":1134,"height":738,"url":"https:\/\/indic.cat\/wp-content\/uploads\/2024\/07\/000IMG_7177-1.jpg","type":"image\/jpeg"}],"twitter_card":"summary_large_image","twitter_site":"@IndicSL","twitter_misc":{"Tiempo de lectura":"1 minuto"},"schema":{"@context":"https:\/\/schema.org","@graph":[{"@type":"WebPage","@id":"https:\/\/indic.cat\/es\/projecte\/plan-estrategico-federacio-veus-2024\/","url":"https:\/\/indic.cat\/es\/projecte\/plan-estrategico-federacio-veus-2024\/","name":"Plan Estrat\u00e9gico Federaci\u00f3 Veus (2024) - My CMS","isPartOf":{"@id":"https:\/\/indic.cat\/#website"},"primaryImageOfPage":{"@id":"https:\/\/indic.cat\/es\/projecte\/plan-estrategico-federacio-veus-2024\/#primaryimage"},"image":{"@id":"https:\/\/indic.cat\/es\/projecte\/plan-estrategico-federacio-veus-2024\/#primaryimage"},"thumbnailUrl":"https:\/\/indic.cat\/wp-content\/uploads\/2024\/07\/000IMG_7177-1.jpg","datePublished":"2024-07-24T06:58:18+00:00","dateModified":"2024-07-24T12:14:25+00:00","breadcrumb":{"@id":"https:\/\/indic.cat\/es\/projecte\/plan-estrategico-federacio-veus-2024\/#breadcrumb"},"inLanguage":"es","potentialAction":[{"@type":"ReadAction","target":["https:\/\/indic.cat\/es\/projecte\/plan-estrategico-federacio-veus-2024\/"]}]},{"@type":"ImageObject","inLanguage":"es","@id":"https:\/\/indic.cat\/es\/projecte\/plan-estrategico-federacio-veus-2024\/#primaryimage","url":"https:\/\/indic.cat\/wp-content\/uploads\/2024\/07\/000IMG_7177-1.jpg","contentUrl":"https:\/\/indic.cat\/wp-content\/uploads\/2024\/07\/000IMG_7177-1.jpg","width":1134,"height":738},{"@type":"BreadcrumbList","@id":"https:\/\/indic.cat\/es\/projecte\/plan-estrategico-federacio-veus-2024\/#breadcrumb","itemListElement":[{"@type":"ListItem","position":1,"name":"Inici","item":"https:\/\/indic.cat\/es\/iniciativas-y-dinamicas-comunitarias\/"},{"@type":"ListItem","position":2,"name":"Projectes","item":"https:\/\/indic.cat\/projecte\/"},{"@type":"ListItem","position":3,"name":"Plan Estrat\u00e9gico Federaci\u00f3 Veus (2024)"}]},{"@type":"WebSite","@id":"https:\/\/indic.cat\/#website","url":"https:\/\/indic.cat\/","name":"My CMS","description":"Iniciatives i din\u00e0miques comunit\u00e0ries","potentialAction":[{"@type":"SearchAction","target":{"@type":"EntryPoint","urlTemplate":"https:\/\/indic.cat\/?s={search_term_string}"},"query-input":{"@type":"PropertyValueSpecification","valueRequired":true,"valueName":"search_term_string"}}],"inLanguage":"es"}]}},"_links":{"self":[{"href":"https:\/\/indic.cat\/es\/wp-json\/wp\/v2\/projecte\/5941","targetHints":{"allow":["GET"]}}],"collection":[{"href":"https:\/\/indic.cat\/es\/wp-json\/wp\/v2\/projecte"}],"about":[{"href":"https:\/\/indic.cat\/es\/wp-json\/wp\/v2\/types\/projecte"}],"version-history":[{"count":5,"href":"https:\/\/indic.cat\/es\/wp-json\/wp\/v2\/projecte\/5941\/revisions"}],"predecessor-version":[{"id":6020,"href":"https:\/\/indic.cat\/es\/wp-json\/wp\/v2\/projecte\/5941\/revisions\/6020"}],"wp:featuredmedia":[{"embeddable":true,"href":"https:\/\/indic.cat\/es\/wp-json\/wp\/v2\/media\/5944"}],"wp:attachment":[{"href":"https:\/\/indic.cat\/es\/wp-json\/wp\/v2\/media?parent=5941"}],"wp:term":[{"taxonomy":"categoria-servei","embeddable":true,"href":"https:\/\/indic.cat\/es\/wp-json\/wp\/v2\/categoria-servei?post=5941"}],"curies":[{"name":"wp","href":"https:\/\/api.w.org\/{rel}","templated":true}]}}